{"id":118,"date":"2022-08-11T12:13:00","date_gmt":"2022-08-11T10:13:00","guid":{"rendered":"https:\/\/nextbike-live.pluspol-networks.de\/ambici\/?page_id=118"},"modified":"2024-01-02T06:19:11","modified_gmt":"2024-01-02T05:19:11","slug":"pagina-de-inicio","status":"publish","type":"page","link":"https:\/\/www.ambici.cat\/es\/","title":{"rendered":"P\u00e1gina de inicio"},"content":{"rendered":"<div class=\"wpb-content-wrapper\"><p>[vc_row ppi_row_padding=\u00bbppi_remove_padding_top\u00bb full_width=\u00bbstretch_row_content_no_spaces\u00bb el_class=\u00bbstage-row\u00bb el_id=\u00bbappdownload\u00bb][vc_column]<div class=\"nextbike stage\">\n                    <div class=\"stage__wrapper\">\n                        <div class=\"container\">\n                            <div class=\"stage__content\"><span class=\"h3\">Abono anual por 40\u20ac\/a\u00f1o<\/span><h1>AMBici, la bicicleta el\u00e9ctrica metropolitana<\/h1><div class=\"stage__content__stores\"><a class=\"nb-appstore-btn\" aria-label=\"Apple App Store\" href=\"https:\/\/apps.apple.com\/es\/app\/ambici\/id1640231653\" target=\"_blank\" data-custom-link=\"true\"><img decoding=\"async\" width=\"200px\" height=\"59px\" alt=\"Apple App Store\" src=\"https:\/\/www.ambici.cat\/wp-content\/uploads\/sites\/36\/2025\/05\/apple-logo.svg\" \/><\/a><a class=\"nb-appstore-btn\" aria-label=\"Google App Store\" href=\"http:\/\/play.google.com\/store\/apps\/details?id=net.nextbike.ambici\" target=\"_blank\" data-custom-link=\"true\"><img decoding=\"async\" width=\"200px\" height=\"59px\" alt=\"Google App Store\" src=\"https:\/\/www.ambici.cat\/wp-content\/uploads\/2022\/07\/google-logo.svg\" \/><\/a><a class=\"nb-appstore-btn\" aria-label=\"Huawei App Store\" href=\"https:\/\/appgallery.huawei.com\/#\/app\/C102537239\" target=\"_blank\" data-custom-link=\"false\"><img decoding=\"async\" width=\"200px\" height=\"59px\" alt=\"Huawei App Store\" src=\"https:\/\/www.ambici.cat\/wp-content\/uploads\/2022\/07\/huawei-logo.svg\" \/><\/a><\/div>\n                            <\/div>\n                        <\/div><div role=\"img\" aria-label=\"\" class=\"stage__parallax parallax-speed5 show-for-md\" style=\"background-image: url(https:\/\/www.ambici.cat\/wp-content\/uploads\/sites\/36\/2023\/01\/empty.png)\"><\/div>\n                   <div role=\"img\" aria-label=\"\" class=\"stage__parallax parallax-speed4 show-for-md\" style=\"background-image: url(https:\/\/www.ambici.cat\/wp-content\/uploads\/sites\/36\/2023\/01\/empty.png)\"><\/div>\n                   <div role=\"img\" aria-label=\"\" class=\"stage__parallax parallax-speed3 show-for-md\" style=\"background-image: url(https:\/\/www.ambici.cat\/wp-content\/uploads\/sites\/36\/2023\/01\/empty.png)\"><\/div>\n                   <div role=\"img\" aria-label=\"\" class=\"stage__parallax parallax-speed2 show-for-md\" style=\"background-image: url(https:\/\/www.ambici.cat\/wp-content\/uploads\/sites\/36\/2023\/01\/empty.png)\"><\/div>\n                   <div role=\"img\" aria-label=\"\" class=\"stage__parallax parallax-speed1 show-for-md\" style=\"background-image: url(https:\/\/www.ambici.cat\/wp-content\/uploads\/sites\/36\/2025\/06\/desktop_Headerpicture-3-1.jpg)\"><\/div><img decoding=\"async\" class=\"stage__mobile hide-for-md\" src=\"https:\/\/www.ambici.cat\/wp-content\/uploads\/sites\/36\/2025\/06\/Mobile_header_static-3-1.jpg\" alt=\"\" \/><\/div>\n                <\/div>[\/vc_column][\/vc_row][vc_row ppi_row_padding=\u00bbppi_remove_padding_top\u00bb][vc_column]<div class=\"nextbike mockups\"><div class=\"mockups__item\">\n    <div class=\"mockups__item__container\">\n                <div class=\"mockups__item__image mockups__item__image__left\">\n                        <div class=\"mockups__item__image__img\">\n                <img loading=\"lazy\" decoding=\"async\" width=\"768\" height=\"1026\" src=\"https:\/\/www.ambici.cat\/wp-content\/uploads\/sites\/36\/2023\/01\/ambici-barcelona-map-768x1026.png\" class=\"attachment-nex-sm size-nex-sm\" alt=\"Vista de l&#039;aplicaci\u00f3 ambici per a la pantalla inicial.\" srcset=\"https:\/\/www.ambici.cat\/wp-content\/uploads\/sites\/36\/2023\/01\/ambici-barcelona-map-768x1026.png 768w, https:\/\/www.ambici.cat\/wp-content\/uploads\/sites\/36\/2023\/01\/ambici-barcelona-map-225x300.png 225w, https:\/\/www.ambici.cat\/wp-content\/uploads\/sites\/36\/2023\/01\/ambici-barcelona-map-766x1024.png 766w, https:\/\/www.ambici.cat\/wp-content\/uploads\/sites\/36\/2023\/01\/ambici-barcelona-map-992x1326.png 992w, https:\/\/www.ambici.cat\/wp-content\/uploads\/sites\/36\/2023\/01\/ambici-barcelona-map-480x641.png 480w, https:\/\/www.ambici.cat\/wp-content\/uploads\/sites\/36\/2023\/01\/ambici-barcelona-map-105x140.png 105w, https:\/\/www.ambici.cat\/wp-content\/uploads\/sites\/36\/2023\/01\/ambici-barcelona-map-75x100.png 75w, https:\/\/www.ambici.cat\/wp-content\/uploads\/sites\/36\/2023\/01\/ambici-barcelona-map.png 1044w\" sizes=\"auto, (max-width: 768px) 100vw, 768px\" \/>            <\/div>\n                                                            <\/div>\n                        <div class=\"mockups__item__content mockups__item__content__left\">\n                        <h2 class=\"h3 mockups__item__headline\">\n                Desc\u00e1rgate la app de AMBici y empieza a pedalear            <\/h2>\n                                    <p class=\"mockups__item__text\">\n                Ve al mapa de estaciones, consulta la disponibilidad, alquila tu bici y \u00a1buen viaje!             <\/p>\n                                    <a href=\"#appdownload\" target=\"_self\" title=\"DESC\u00c1RGALA AQU\u00cd\" class=\"mockups__item__link\" >\n                DESC\u00c1RGALA AQU\u00cd            <\/a>\n                    <\/div>\n            <\/div>\n<\/div>\n<div class=\"mockups__item\">\n    <div class=\"mockups__item__container\">\n                <div class=\"mockups__item__image mockups__item__image__right\">\n                        <div class=\"mockups__item__image__img\">\n                <img loading=\"lazy\" decoding=\"async\" width=\"768\" height=\"1026\" src=\"https:\/\/www.ambici.cat\/wp-content\/uploads\/sites\/36\/2022\/12\/ambici_app_mockup_rental-768x1026.png\" class=\"attachment-nex-sm size-nex-sm\" alt=\"ambici app view for renting a bike by scanning the qr-code.\" srcset=\"https:\/\/www.ambici.cat\/wp-content\/uploads\/sites\/36\/2022\/12\/ambici_app_mockup_rental-768x1026.png 768w, https:\/\/www.ambici.cat\/wp-content\/uploads\/sites\/36\/2022\/12\/ambici_app_mockup_rental-225x300.png 225w, https:\/\/www.ambici.cat\/wp-content\/uploads\/sites\/36\/2022\/12\/ambici_app_mockup_rental-766x1024.png 766w, https:\/\/www.ambici.cat\/wp-content\/uploads\/sites\/36\/2022\/12\/ambici_app_mockup_rental-992x1326.png 992w, https:\/\/www.ambici.cat\/wp-content\/uploads\/sites\/36\/2022\/12\/ambici_app_mockup_rental-480x641.png 480w, https:\/\/www.ambici.cat\/wp-content\/uploads\/sites\/36\/2022\/12\/ambici_app_mockup_rental-105x140.png 105w, https:\/\/www.ambici.cat\/wp-content\/uploads\/sites\/36\/2022\/12\/ambici_app_mockup_rental-75x100.png 75w, https:\/\/www.ambici.cat\/wp-content\/uploads\/sites\/36\/2022\/12\/ambici_app_mockup_rental.png 1044w\" sizes=\"auto, (max-width: 768px) 100vw, 768px\" \/>            <\/div>\n                                                            <\/div>\n                        <div class=\"mockups__item__content mockups__item__content__right\">\n                        <h2 class=\"h3 mockups__item__headline\">\n                Nuestras tarifas            <\/h2>\n                                    <p class=\"mockups__item__text\">\n                Consigue el abono que mejor se adapte a tu movilidad, tanto si haces un uso habitual como puntual.            <\/p>\n                                    <a href=\"https:\/\/www.ambici.cat\/es\/#tarifas\" target=\"_self\" title=\"ELIGE TU ABONO\" class=\"mockups__item__link\" >\n                ELIGE TU ABONO            <\/a>\n                    <\/div>\n            <\/div>\n<\/div>\n<div class=\"mockups__item\">\n    <div class=\"mockups__item__container\">\n                <div class=\"mockups__item__image mockups__item__image__left\">\n                        <div class=\"mockups__item__image__img\">\n                <img loading=\"lazy\" decoding=\"async\" width=\"768\" height=\"1026\" src=\"https:\/\/www.ambici.cat\/wp-content\/uploads\/sites\/36\/2023\/01\/nextbike-ambici-rental-app-overview-768x1026.png\" class=\"attachment-nex-sm size-nex-sm\" alt=\"Vista de l&#039;aplicaci\u00f3 ambici per lhistorial de lloguer.\" srcset=\"https:\/\/www.ambici.cat\/wp-content\/uploads\/sites\/36\/2023\/01\/nextbike-ambici-rental-app-overview-768x1026.png 768w, https:\/\/www.ambici.cat\/wp-content\/uploads\/sites\/36\/2023\/01\/nextbike-ambici-rental-app-overview-225x300.png 225w, https:\/\/www.ambici.cat\/wp-content\/uploads\/sites\/36\/2023\/01\/nextbike-ambici-rental-app-overview-766x1024.png 766w, https:\/\/www.ambici.cat\/wp-content\/uploads\/sites\/36\/2023\/01\/nextbike-ambici-rental-app-overview-992x1326.png 992w, https:\/\/www.ambici.cat\/wp-content\/uploads\/sites\/36\/2023\/01\/nextbike-ambici-rental-app-overview-480x641.png 480w, https:\/\/www.ambici.cat\/wp-content\/uploads\/sites\/36\/2023\/01\/nextbike-ambici-rental-app-overview-105x140.png 105w, https:\/\/www.ambici.cat\/wp-content\/uploads\/sites\/36\/2023\/01\/nextbike-ambici-rental-app-overview-75x100.png 75w, https:\/\/www.ambici.cat\/wp-content\/uploads\/sites\/36\/2023\/01\/nextbike-ambici-rental-app-overview.png 1044w\" sizes=\"auto, (max-width: 768px) 100vw, 768px\" \/>            <\/div>\n                                                            <\/div>\n                        <div class=\"mockups__item__content mockups__item__content__left\">\n                        <h2 class=\"h3 mockups__item__headline\">\n                \u00bfPor qu\u00e9 AMBici?            <\/h2>\n                                    <p class=\"mockups__item__text\">\n                Porque las bicicletas son 100 % el\u00e9ctricas y de alta gama.\r\nPorque puedes moverte entre 15 municipios del \u00e1rea metropolitana de Barcelona. <br \/>\r\nPor su intermodalidad con el transporte p\u00fablico.            <\/p>\n                                    <a href=\"https:\/\/tickets.tmb.cat\/es\/inicio-ambici?content=ambici\" target=\"_blank\" title=\"EMPIEZA YA\" class=\"mockups__item__link\" aria-label=\"Se abre en una nueva pesta\u00f1a\">\n                EMPIEZA YA            <\/a>\n                    <\/div>\n            <\/div>\n<\/div>\n<\/div>[\/vc_column][\/vc_row][vc_row ppi_row_type=\u00bbppi_bg_grey\u00bb full_width=\u00bbstretch_row\u00bb el_id=\u00bbfunciona\u00bb css=\u00bb.vc_custom_1674032683709{background-color: #fcfcfc !important;}\u00bb][vc_column]<div class=\"nextbike how-its-done\">\n    <h2>C\u00f3mo funciona AMBici<\/h2>\n\n    <div class=\"how-its-done__text\">\n        <p><span style=\"font-weight: 400\">El Servicio funciona durante 21 horas, desde las 5 de la ma\u00f1ana a las dos de la madrugada, todos los d\u00edas del a\u00f1o (laborables, s\u00e1bados y festivos).<\/span><\/p>\n    <\/div>\n\n\n<div class=\"how-its-done__container\">\n                        <div class=\"how-its-done__ctab how-its-done__ctab__tab1 how-its-done__ctab__current\" data-ctab=\"tab1\">\n                <div class=\"how-its-done__image\">\n                    <img loading=\"lazy\" decoding=\"async\" width=\"1\" height=\"1\" src=\"https:\/\/www.ambici.cat\/wp-content\/uploads\/sites\/36\/2022\/12\/ambici_framelock_illustration.svg\" class=\"attachment-nex-md size-nex-md\" alt=\"Illustration shows how to open the framelock with our app.\" \/>                <\/div>\n                <div class=\"how-its-done__content\">\n                                            <h3 class=\"h5\">REGISTRO<\/h3>\n                                                                <p>El registro es gratuito y puedes realizarlo desde esta web o desde la app AMBici que utilizar\u00e1s para viajar. Para registrarte, puedes utilizar tu usuario de tmb.cat (\u00a1recomendado!) o crear una nueva cuenta. Escoge tu tarifa, desc\u00e1rgate la app AMBici si todav\u00eda no lo has hecho y empieza a pedalear. Reg\u00edstrate ahora desde <a href=\"https:\/\/tickets.tmb.cat\/es\/inicio-ambici?content=ambici\">la web<\/a> o <b><a href=\"#appdownload\" style=\"color:#ff3b0f\"> desde la app AMBici<\/a><\/b>.<\/p>\n                                                                <h3 class=\"h5\">PLANIFICA TU VIAJE<\/h3>\n                                                                <p> Abre la <b>app AMBici<\/b>  y busca las estaciones m\u00e1s cercanas y la disponibilidad de las bicicletas y aparcamientos en el mapa y el buscador.<\/p>\n                                                                <h3 class=\"h5\">ALQUILA UNA BICICLETA<\/h3>\n                                                                <p>Abre la <b>app AMBici<\/b>, escanea el c\u00f3digo QR que hay en la bicicleta y abrir\u00e1s el candado autom\u00e1ticamente.<\/p>\n                                                                <h3 class=\"h5\">DEVUELVE LA BICICLETA<\/h3>\n                                                                <p>Devuelve la bicicleta en la estaci\u00f3n que hayas escogido y cierra el candado. Revisa en la <b>app AMBici<\/b> que la has devuelto correctamente. \u00a1As\u00ed de f\u00e1cil!<\/p>\n                                    <\/div>\n            <\/div>\n                                                            <\/div>\n<\/div>[\/vc_column][\/vc_row][vc_row el_id=\u00bbtarifas\u00bb][vc_column]<div class=\"nextbike tariffs\"><h2>Nuestros abonos<\/h2><div class=\"tariffs__text\"><p>Encuentra el abono que mejor se adapte a tu movilidad metropolitana.<\/p>\n<\/p><\/div><div class=\"tariffs__tabs \"><a role=\"button\" href=\"#\" class=\"tariffs__tab tariffs__tab__current\" data-tab=\"Abonos de larga duraci\u00f3n\">Abonos de larga duraci\u00f3n<\/a><a role=\"button\" href=\"#\" class=\"tariffs__tab \" data-tab=\"Abonos de corta duraci\u00f3n\">Abonos de corta duraci\u00f3n<\/a><\/div><div class=\"tariffs__contents\"><div class=\"tariffs__content  tariffs__content__current\" data-content=\"Abonos de larga duraci\u00f3n\"><div class=\"tariffs__content__card\">\n    <span class=\"h5\" role=\"heading\">ABONO ANUAL AMBici <\/span>\n    <h3 class=\"h2\">Abono AMBici<\/h3>\n    <h4 class=\"h3\">40 \u20ac al a\u00f1o<\/h4>\n    <p><p>Los primeros 30 minutos de cada alquiler de la bicicleta AMBici tienen un coste de 0,15 \u20ac.<\/p>\n<p><span data-sheets-value=\"{&quot;1&quot;:2,&quot;2&quot;:&quot;Los primeros 30 minutos de cada alquiler est\u00e1n incluidos (0,15 \u20ac a partir del a\u00f1o 2024).\\n A partir de los primeros 30 minutos, pagar\u00e1s 0,50 \u20ac por cada 30 minutos adicionales, hasta un m\u00e1ximo de 2 horas. El uso desde la aplicaci\u00f3n tiene un coste de 0 \u20ac.\\n Si quieres una tarjeta AMBici tendr\u00e1s que pagar 6 \u20ac adicionales.\\n A partir del 2024, la suscripci\u00f3n AMBici costar\u00e1 40 \u20ac\/a\u00f1o.\\n Quiero comprar este abono\\n ABONO METROPOLITANO. DISPONIBLE A PARTIR DE MARZO DEL 2023&quot;}\" data-sheets-userformat=\"{&quot;2&quot;:15235,&quot;3&quot;:{&quot;1&quot;:0},&quot;4&quot;:{&quot;1&quot;:2,&quot;2&quot;:16776960},&quot;10&quot;:0,&quot;11&quot;:4,&quot;12&quot;:0,&quot;14&quot;:{&quot;1&quot;:2,&quot;2&quot;:0},&quot;15&quot;:&quot;Calibri, sans-serif&quot;,&quot;16&quot;:11}\">A partir de los primeros 30 minutos, pagar\u00e1s 0,50 \u20ac por cada 30 minutos adicionales, hasta un m\u00e1ximo de 2 horas.\u00a0<\/span><\/p>\n<p>A partir de las 2 horas, abonar\u00e1s 5 \u20ac por hora o fracci\u00f3n de hora.<\/p>\n<p><span data-sheets-value=\"{&quot;1&quot;:2,&quot;2&quot;:&quot;Los primeros 30 minutos de cada alquiler est\u00e1n incluidos (0,15 \u20ac a partir del a\u00f1o 2024).\\n A partir de los primeros 30 minutos, pagar\u00e1s 0,50 \u20ac por cada 30 minutos adicionales, hasta un m\u00e1ximo de 2 horas. El uso desde la aplicaci\u00f3n tiene un coste de 0 \u20ac.\\n Si quieres una tarjeta AMBici tendr\u00e1s que pagar 6 \u20ac adicionales.\\n A partir del 2024, la suscripci\u00f3n AMBici costar\u00e1 40 \u20ac\/a\u00f1o.\\n Quiero comprar este abono\\n ABONO METROPOLITANO. DISPONIBLE A PARTIR DE MARZO DEL 2023&quot;}\" data-sheets-userformat=\"{&quot;2&quot;:15235,&quot;3&quot;:{&quot;1&quot;:0},&quot;4&quot;:{&quot;1&quot;:2,&quot;2&quot;:16776960},&quot;10&quot;:0,&quot;11&quot;:4,&quot;12&quot;:0,&quot;14&quot;:{&quot;1&quot;:2,&quot;2&quot;:0},&quot;15&quot;:&quot;Calibri, sans-serif&quot;,&quot;16&quot;:11}\">El uso de la aplicaci\u00f3n es gratuito. Si quieres una tarjeta AMBici tendr\u00e1s que pagar 6 \u20ac adicionales.<\/span><\/p>\n<p><a href=\"https:\/\/www.ambici.cat\/es\/faq\/\" target=\"_blank\" rel=\"noopener\"><span style=\"text-decoration: underline\"><strong>M\u00e1s informaci\u00f3n\u00a0<\/strong><\/span><\/a><\/p>\n<p>&nbsp;<\/p>\n<p><strong><a style=\"color: #ff3b0f\" href=\"https:\/\/tickets.tmb.cat\/es\/catalogo-ambici?content=ambici\" target=\"_blank\" rel=\"noopener\" aria-label=\"opens in new window\">Quiero comprar este abono<\/a><\/strong><\/p>\n<p><img decoding=\"async\" src=\"https:\/\/www.ambici.cat\/wp-content\/uploads\/sites\/36\/2025\/03\/logo_transpPublico_lin1.png\" alt=\"\" \/><\/p>\n<\/p>\n<\/div>\n<div class=\"tariffs__content__card\">\n    <span class=\"h5\" role=\"heading\">ABONO METROPOLITANO<\/span>\n    <h3 class=\"h2\">AMBici + Bicing tarifa plana<\/h3>\n    <h4 class=\"h3\">65 \u20ac al a\u00f1o<\/h4>\n    <p><p>Los primeros 30 minutos de cada alquiler de la bicicleta AMBici tienen un coste de 0,15 \u20ac.<\/p>\n<p>A partir de los primeros 30 minutos, pagar\u00e1s 0,50 \u20ac por cada 30 minutos adicionales, hasta un m\u00e1ximo de 2 horas.<\/p>\n<p>A partir de las 2 horas, abonar\u00e1s 5 \u20ac por hora o fracci\u00f3n de hora.<\/p>\n<p>Para el servicio de Bicing (abono tarifa plana), consulta las tarifas por uso en <span style=\"text-decoration: underline\"><a href=\"https:\/\/www.bicing.barcelona\/es\/tarifas\" target=\"_blank\" rel=\"noopener\" aria-label=\"opens in new window\">la p\u00e1gina web<\/a><\/span>.<\/p>\n<p>El uso de la aplicaci\u00f3n es gratuito. Si quieres una tarjeta para el servicio AMBici, tendr\u00e1s que pagar 6 \u20ac adicionales.<\/p>\n<p><strong><a style=\"color: #ff3b0f\" href=\"https:\/\/tickets.tmb.cat\/ca?content=ambici\" target=\"_blank\" rel=\"noopener\" aria-label=\"opens in new window\">Quiero comprar este abono<\/a><\/strong><\/p>\n<\/p>\n<\/div>\n<div class=\"tariffs__content__card\">\n    <span class=\"h5\" role=\"heading\">Abono metropolitano<\/span>\n    <h3 class=\"h2\">AMBici + Bicing tarifa por uso<\/h3>\n    <h4 class=\"h3\">53 \u20ac al a\u00f1o<\/h4>\n    <p><p>Los primeros 30 minutos de cada alquiler de la bicicleta AMBici tienen un coste de 0,15 \u20ac.<\/p>\n<p><span style=\"vertical-align: inherit\"><span style=\"vertical-align: inherit\">A partir de los primeros 30 minutos, pagar\u00e1s 0,50 \u20ac por cada 30 minutos adicionales, hasta un m\u00e1ximo de 2 horas.<\/span><\/span><\/p>\n<p>A partir de las 2 horas, abonar\u00e1s 5 \u20ac por hora o fracci\u00f3n de hora.<\/p>\n<p><span style=\"vertical-align: inherit\"><span style=\"vertical-align: inherit\">Para el servicio de Bicing (abono tarifa por uso), consulta las tarifas por uso en <\/span><\/span><span style=\"text-decoration: underline\"><a href=\"https:\/\/www.bicing.barcelona\/es\/tarifas\" target=\"_blank\" rel=\"noopener\" aria-label=\"se abre en una nueva ventana\"><span style=\"vertical-align: inherit\"><span style=\"vertical-align: inherit\">la p\u00e1gina web<\/span><\/span><\/a><\/span><span style=\"vertical-align: inherit\"><span style=\"vertical-align: inherit\"> .<\/span><\/span><\/p>\n<p>El uso de la aplicaci\u00f3n es gratuito. Si quieres una tarjeta AMBici para el servicio AMBici, tienes que pagar 6 \u20ac adicionales.<\/p>\n<p><strong><a style=\"color: #ff3b0f\" href=\"https:\/\/tickets.tmb.cat\/es?content=ambici\" target=\"_blank\" rel=\"noopener\" aria-label=\"se abre en una nueva ventana\"><span style=\"vertical-align: inherit\"><span style=\"vertical-align: inherit\">Quiero comprar este abono<\/span><\/span><\/a><\/strong><\/p>\n<\/p>\n<\/div>\n<\/div><div class=\"tariffs__content  \" data-content=\"Abonos de corta duraci\u00f3n\"><div class=\"tariffs__content__card\">\n    <span class=\"h5\" role=\"heading\">ABONO FLEXIBLE<\/span>\n    <h3 class=\"h2\">AMBici 1 d\u00eda (24h)<\/h3>\n    <h4 class=\"h3\">5\u20ac<\/h4>\n    <p><p>Los primeros 30 minutos de uso de cada alquiler son sin coste.<\/p>\n<p>A partir de los primeros 30 minutos, pagar\u00e1s 0,50 \u20ac por cada 30 minutos, hasta un m\u00e1ximo de 2 horas.<\/p>\n<p>A partir de las 2 horas, abonar\u00e1s 5 \u20ac por hora o fracci\u00f3n de hora.<\/p>\n<p><a href=\"https:\/\/www.ambici.cat\/es\/faq\/\" target=\"_blank\" rel=\"noopener\"><span style=\"text-decoration: underline\"><strong>M\u00e1s informaci\u00f3n\u00a0<\/strong><\/span><\/a><\/p>\n<p>&nbsp;<\/p>\n<p><strong><a style=\"color: #ff3b0f\" href=\"https:\/\/tickets.tmb.cat\/es\/catalogo-ambici?content=ambici\" target=\"_blank\" rel=\"noopener\" aria-label=\"opens in new window\">Quiero comprar este abono<\/a><\/strong><\/p>\n<\/p>\n<\/div>\n<div class=\"tariffs__content__card\">\n    <span class=\"h5\" role=\"heading\">ABONO FLEXIBLE<\/span>\n    <h3 class=\"h2\">AMBici 2 d\u00edas (48h)<\/h3>\n    <h4 class=\"h3\">9 \u20ac<\/h4>\n    <p><p>Los primeros 30 minutos de uso de cada alquiler son sin coste.<\/p>\n<p>A partir de los primeros 30 minutos, pagar\u00e1s 0,50 \u20ac por cada 30 minutos, hasta un m\u00e1ximo de 2 horas.<\/p>\n<p>A partir de las 2 horas, abonar\u00e1s 5 \u20ac por hora o fracci\u00f3n de hora.<\/p>\n<p><a href=\"https:\/\/www.ambici.cat\/es\/faq\/\" target=\"_blank\" rel=\"noopener\"><span style=\"text-decoration: underline\"><strong>M\u00e1s informaci\u00f3n\u00a0<\/strong><\/span><\/a><\/p>\n<p>&nbsp;<\/p>\n<p><strong><a style=\"color: #ff3b0f\" href=\"https:\/\/tickets.tmb.cat\/es\/catalogo-ambici?content=ambici\" target=\"_blank\" rel=\"noopener\" aria-label=\"opens in new window\">Quiero comprar este abono<\/a><\/strong><\/p>\n<\/p>\n<\/div>\n<div class=\"tariffs__content__card\">\n    <span class=\"h5\" role=\"heading\">ABONO FLEXIBLE<\/span>\n    <h3 class=\"h2\">AMBici 3 d\u00edas (72h)<\/h3>\n    <h4 class=\"h3\">12 \u20ac<\/h4>\n    <p><p>Los primeros 30 minutos de uso de cada alquiler son sin coste.<\/p>\n<p>A partir de los primeros 30 minutos, pagar\u00e1s 0,50 \u20ac por cada 30 minutos, hasta un m\u00e1ximo de 2 horas.<\/p>\n<p>A partir de las 2 horas, abonar\u00e1s 5 \u20ac por hora o fracci\u00f3n de hora.<\/p>\n<p><a href=\"https:\/\/www.ambici.cat\/es\/faq\/\" target=\"_blank\" rel=\"noopener\"><span style=\"text-decoration: underline\"><strong>M\u00e1s informaci\u00f3n\u00a0<\/strong><\/span><\/a><\/p>\n<p>&nbsp;<\/p>\n<p><strong><a style=\"color: #ff3b0f\" href=\"https:\/\/tickets.tmb.cat\/es\/catalogo-ambici?content=ambici\" target=\"_blank\" rel=\"noopener\" aria-label=\"opens in new window\">Quiero comprar este abono<\/a><\/strong><\/p>\n<\/p>\n<\/div>\n<\/div><\/div><\/div>[\/vc_column][\/vc_row][vc_row ppi_row_padding=\u00bbppi_remove_padding_bottom\u00bb full_width=\u00bbstretch_row_content_no_spaces\u00bb][vc_column]<div class=\"nextbike slider\">\n            <div class=\"slider__black\">\n            <h2 class=\"h1\">Descubre el \u00e1rea metropolitana de Barcelona gracias a AMBici<\/h2>\n        <\/div>\n        <div class=\"full-width-slider\">\n                        <div class=\"slider__slide center\">\n                    <img loading=\"lazy\" decoding=\"async\" width=\"1920\" height=\"1280\" src=\"https:\/\/www.ambici.cat\/wp-content\/uploads\/sites\/36\/2025\/07\/2.4.ambici-2000x1333-1-1920x1280.jpg\" class=\"attachment-nex-max size-nex-max wp-post-image\" alt=\"\" srcset=\"https:\/\/www.ambici.cat\/wp-content\/uploads\/sites\/36\/2025\/07\/2.4.ambici-2000x1333-1-1920x1280.jpg 1920w, https:\/\/www.ambici.cat\/wp-content\/uploads\/sites\/36\/2025\/07\/2.4.ambici-2000x1333-1-300x200.jpg 300w, https:\/\/www.ambici.cat\/wp-content\/uploads\/sites\/36\/2025\/07\/2.4.ambici-2000x1333-1-1024x682.jpg 1024w, https:\/\/www.ambici.cat\/wp-content\/uploads\/sites\/36\/2025\/07\/2.4.ambici-2000x1333-1-768x512.jpg 768w, https:\/\/www.ambici.cat\/wp-content\/uploads\/sites\/36\/2025\/07\/2.4.ambici-2000x1333-1-1200x800.jpg 1200w, https:\/\/www.ambici.cat\/wp-content\/uploads\/sites\/36\/2025\/07\/2.4.ambici-2000x1333-1-992x661.jpg 992w, https:\/\/www.ambici.cat\/wp-content\/uploads\/sites\/36\/2025\/07\/2.4.ambici-2000x1333-1-480x320.jpg 480w, https:\/\/www.ambici.cat\/wp-content\/uploads\/sites\/36\/2025\/07\/2.4.ambici-2000x1333-1-210x140.jpg 210w, https:\/\/www.ambici.cat\/wp-content\/uploads\/sites\/36\/2025\/07\/2.4.ambici-2000x1333-1-150x100.jpg 150w, https:\/\/www.ambici.cat\/wp-content\/uploads\/sites\/36\/2025\/07\/2.4.ambici-2000x1333-1.jpg 2000w\" sizes=\"auto, (max-width: 1920px) 100vw, 1920px\" \/>                                            <div class=\"slider__slide__overlay\" style=\"background-color: rgba(0,0,0,0.3);\"><\/div>\n                                        <div class=\"slider__slide__inner container\">\n                        <h3 class=\"h2\">Abono Flexible<\/h3>                        <h4 class=\"h3\">La mejor manera de moverte por el \u00e1rea metropolitana de Barcelona.<\/h4>                        <a class=\"button button--bright\" href=\"https:\/\/www.ambici.cat\/es\/faq\/\" target=\"_self\" title=\"M\u00e1s informaci\u00f3n\">M\u00e1s informaci\u00f3n<\/a>                    <\/div>\n                <\/div>\n                            <div class=\"slider__slide center\">\n                    <img loading=\"lazy\" decoding=\"async\" width=\"1920\" height=\"1280\" src=\"https:\/\/www.ambici.cat\/wp-content\/uploads\/sites\/36\/2024\/07\/overflow-AMBici-2000x1333-1-1920x1280.jpg\" class=\"attachment-nex-max size-nex-max wp-post-image\" alt=\"\" srcset=\"https:\/\/www.ambici.cat\/wp-content\/uploads\/sites\/36\/2024\/07\/overflow-AMBici-2000x1333-1-1920x1280.jpg 1920w, https:\/\/www.ambici.cat\/wp-content\/uploads\/sites\/36\/2024\/07\/overflow-AMBici-2000x1333-1-300x200.jpg 300w, https:\/\/www.ambici.cat\/wp-content\/uploads\/sites\/36\/2024\/07\/overflow-AMBici-2000x1333-1-1024x682.jpg 1024w, https:\/\/www.ambici.cat\/wp-content\/uploads\/sites\/36\/2024\/07\/overflow-AMBici-2000x1333-1-768x512.jpg 768w, https:\/\/www.ambici.cat\/wp-content\/uploads\/sites\/36\/2024\/07\/overflow-AMBici-2000x1333-1-1200x800.jpg 1200w, https:\/\/www.ambici.cat\/wp-content\/uploads\/sites\/36\/2024\/07\/overflow-AMBici-2000x1333-1-992x661.jpg 992w, https:\/\/www.ambici.cat\/wp-content\/uploads\/sites\/36\/2024\/07\/overflow-AMBici-2000x1333-1-480x320.jpg 480w, https:\/\/www.ambici.cat\/wp-content\/uploads\/sites\/36\/2024\/07\/overflow-AMBici-2000x1333-1-210x140.jpg 210w, https:\/\/www.ambici.cat\/wp-content\/uploads\/sites\/36\/2024\/07\/overflow-AMBici-2000x1333-1-150x100.jpg 150w, https:\/\/www.ambici.cat\/wp-content\/uploads\/sites\/36\/2024\/07\/overflow-AMBici-2000x1333-1.jpg 2000w\" sizes=\"auto, (max-width: 1920px) 100vw, 1920px\" \/>                                            <div class=\"slider__slide__overlay\" style=\"background-color: rgba(0,0,0,0.3);\"><\/div>\n                                        <div class=\"slider__slide__inner container\">\n                        <h3 class=\"h2\">\u00a1M\u00e1s plazas de aparcamiento!<\/h3>                        <h4 class=\"h3\">Mejoramos el servicio de AMBici ampliando el n\u00famero de plazas de aparcamiento en las estaciones de AMBici identificades con este s\u00edmbolo +P<\/h4>                        <a class=\"button button--bright\" href=\"https:\/\/www.ambici.cat\/es\/faq\/\" target=\"_self\" title=\"M\u00e1s informaci\u00f3n aqu\u00ed\">M\u00e1s informaci\u00f3n aqu\u00ed<\/a>                    <\/div>\n                <\/div>\n                            <div class=\"slider__slide center\">\n                    <img loading=\"lazy\" decoding=\"async\" width=\"1920\" height=\"1281\" src=\"https:\/\/www.ambici.cat\/wp-content\/uploads\/sites\/36\/2023\/01\/rent-ambici-via-app-1920x1281.jpg\" class=\"attachment-nex-max size-nex-max wp-post-image\" alt=\"Servei de bicicleta compartida metropolitana, AMBici. Lectura del codi QR del model de bicicleta el\u00e8ctrica de darrera generaci\u00f3 amb tel\u00e8fon m\u00f2bil.\" srcset=\"https:\/\/www.ambici.cat\/wp-content\/uploads\/sites\/36\/2023\/01\/rent-ambici-via-app-1920x1281.jpg 1920w, https:\/\/www.ambici.cat\/wp-content\/uploads\/sites\/36\/2023\/01\/rent-ambici-via-app-300x200.jpg 300w, https:\/\/www.ambici.cat\/wp-content\/uploads\/sites\/36\/2023\/01\/rent-ambici-via-app-1024x683.jpg 1024w, https:\/\/www.ambici.cat\/wp-content\/uploads\/sites\/36\/2023\/01\/rent-ambici-via-app-768x512.jpg 768w, https:\/\/www.ambici.cat\/wp-content\/uploads\/sites\/36\/2023\/01\/rent-ambici-via-app-1200x800.jpg 1200w, https:\/\/www.ambici.cat\/wp-content\/uploads\/sites\/36\/2023\/01\/rent-ambici-via-app-992x662.jpg 992w, https:\/\/www.ambici.cat\/wp-content\/uploads\/sites\/36\/2023\/01\/rent-ambici-via-app-480x320.jpg 480w, https:\/\/www.ambici.cat\/wp-content\/uploads\/sites\/36\/2023\/01\/rent-ambici-via-app-210x140.jpg 210w, https:\/\/www.ambici.cat\/wp-content\/uploads\/sites\/36\/2023\/01\/rent-ambici-via-app-150x100.jpg 150w, https:\/\/www.ambici.cat\/wp-content\/uploads\/sites\/36\/2023\/01\/rent-ambici-via-app.jpg 2048w\" sizes=\"auto, (max-width: 1920px) 100vw, 1920px\" \/>                                            <div class=\"slider__slide__overlay\" style=\"background-color: rgba(0,0,0,0.3);\"><\/div>\n                                        <div class=\"slider__slide__inner container\">\n                        <h3 class=\"h2\">Encuentra tu bicicleta AMBici cerca de ti<\/h3>                                                <a class=\"button button--bright\" href=\"https:\/\/www.ambici.cat\/es\/mapa\/\" target=\"_self\" title=\"Mapas\">Mapas<\/a>                    <\/div>\n                <\/div>\n                <\/div>\n<\/div>\n[\/vc_column][\/vc_row][vc_row equal_height=\u00bbyes\u00bb content_placement=\u00bbmiddle\u00bb][vc_column width=\u00bb1\/4&#8243;][\/vc_column][vc_column width=\u00bb1\/4&#8243;][vc_single_image image=\u00bb665&#8243; img_size=\u00bb200&#215;100&#8243; alignment=\u00bbcenter\u00bb][\/vc_column][vc_column width=\u00bb1\/4&#8243;][vc_single_image image=\u00bb668&#8243; img_size=\u00bb200&#215;100&#8243; alignment=\u00bbcenter\u00bb][\/vc_column][vc_column width=\u00bb1\/4&#8243;][vc_single_image image=\u00bb671&#8243; img_size=\u00bb200&#215;100&#8243; alignment=\u00bbcenter\u00bb][\/vc_column][\/vc_row]<\/p>\n<\/div>","protected":false},"excerpt":{"rendered":"<p>[vc_row ppi_row_padding=\u00bbppi_remove_padding_top\u00bb full_width=\u00bbstretch_row_content_no_spaces\u00bb el_class=\u00bbstage-row\u00bb el_id=\u00bbappdownload\u00bb][vc_column][\/vc_column][\/vc_row][vc_row ppi_row_padding=\u00bbppi_remove_padding_top\u00bb][vc_column][\/vc_column][\/vc_row][vc_row ppi_row_type=\u00bbppi_bg_grey\u00bb full_width=\u00bbstretch_row\u00bb el_id=\u00bbfunciona\u00bb css=\u00bb.vc_custom_1674032683709{background-color: #fcfcfc !important;}\u00bb][vc_column][\/vc_column][\/vc_row][vc_row el_id=\u00bbtarifas\u00bb][vc_column][\/vc_column][\/vc_row][vc_row ppi_row_padding=\u00bbppi_remove_padding_bottom\u00bb full_width=\u00bbstretch_row_content_no_spaces\u00bb][vc_column][\/vc_column][\/vc_row][vc_row equal_height=\u00bbyes\u00bb content_placement=\u00bbmiddle\u00bb][vc_column width=\u00bb1\/4&#8243;][\/vc_column][vc_column width=\u00bb1\/4&#8243;][vc_single_image image=\u00bb665&#8243; img_size=\u00bb200&#215;100&#8243; alignment=\u00bbcenter\u00bb][\/vc_column][vc_column width=\u00bb1\/4&#8243;][vc_single_image image=\u00bb668&#8243; img_size=\u00bb200&#215;100&#8243; alignment=\u00bbcenter\u00bb][\/vc_column][vc_column width=\u00bb1\/4&#8243;][vc_single_image image=\u00bb671&#8243; img_size=\u00bb200&#215;100&#8243; alignment=\u00bbcenter\u00bb][\/vc_column][\/vc_row]<\/p>\n","protected":false},"author":2,"featured_media":0,"parent":0,"menu_order":0,"comment_status":"closed","ping_status":"closed","template":"","meta":{"_acf_changed":false,"inline_featured_image":false,"footnotes":""},"class_list":["post-118","page","type-page","status-publish","hentry"],"acf":[],"yoast_head":"<!-- This site is optimized with the Yoast SEO plugin v27.2 - https:\/\/yoast.com\/product\/yoast-seo-wordpress\/ -->\n<title>AMBici - Descubre el \u00e1rea metropolitana de Barcelona<\/title>\n<meta name=\"description\" content=\"La bicicleta p\u00fablica metropolitana del \u00c1rea Metropolitana de Barcelona por 40\u20ac\/a\u00f1o. Desc\u00e1rgate la app de AMBici y empieza a pedalear.\" \/>\n<meta name=\"robots\" content=\"index, follow, max-snippet:-1, max-image-preview:large, max-video-preview:-1\" \/>\n<link rel=\"canonical\" href=\"https:\/\/www.ambici.cat\/es\/\" \/>\n<meta property=\"og:locale\" content=\"es_ES\" \/>\n<meta property=\"og:type\" content=\"article\" \/>\n<meta property=\"og:title\" content=\"AMBici - Descubre el \u00e1rea metropolitana de Barcelona\" \/>\n<meta property=\"og:description\" content=\"La bicicleta p\u00fablica metropolitana del \u00c1rea Metropolitana de Barcelona por 40\u20ac\/a\u00f1o. Desc\u00e1rgate la app de AMBici y empieza a pedalear.\" \/>\n<meta property=\"og:url\" content=\"https:\/\/www.ambici.cat\/es\/\" \/>\n<meta property=\"og:site_name\" content=\"Ambici\" \/>\n<meta property=\"article:modified_time\" content=\"2024-01-02T05:19:11+00:00\" \/>\n<meta name=\"twitter:card\" content=\"summary_large_image\" \/>\n<meta name=\"twitter:label1\" content=\"Tiempo de lectura\" \/>\n\t<meta name=\"twitter:data1\" content=\"1 minuto\" \/>\n<script type=\"application\/ld+json\" class=\"yoast-schema-graph\">{\"@context\":\"https:\/\/schema.org\",\"@graph\":[{\"@type\":\"WebPage\",\"@id\":\"https:\/\/www.ambici.cat\/es\/\",\"url\":\"https:\/\/www.ambici.cat\/es\/\",\"name\":\"AMBici - Descubre el \u00e1rea metropolitana de Barcelona\",\"isPartOf\":{\"@id\":\"https:\/\/www.ambici.cat\/es\/#website\"},\"datePublished\":\"2022-08-11T10:13:00+00:00\",\"dateModified\":\"2024-01-02T05:19:11+00:00\",\"description\":\"La bicicleta p\u00fablica metropolitana del \u00c1rea Metropolitana de Barcelona por 40\u20ac\/a\u00f1o. Desc\u00e1rgate la app de AMBici y empieza a pedalear.\",\"breadcrumb\":{\"@id\":\"https:\/\/www.ambici.cat\/es\/#breadcrumb\"},\"inLanguage\":\"es\",\"potentialAction\":[{\"@type\":\"ReadAction\",\"target\":[\"https:\/\/www.ambici.cat\/es\/\"]}]},{\"@type\":\"BreadcrumbList\",\"@id\":\"https:\/\/www.ambici.cat\/es\/#breadcrumb\",\"itemListElement\":[{\"@type\":\"ListItem\",\"position\":1,\"name\":\"Startseite\",\"item\":\"https:\/\/www.ambici.cat\/es\/\"},{\"@type\":\"ListItem\",\"position\":2,\"name\":\"P\u00e1gina de inicio\"}]},{\"@type\":\"WebSite\",\"@id\":\"https:\/\/www.ambici.cat\/es\/#website\",\"url\":\"https:\/\/www.ambici.cat\/es\/\",\"name\":\"Ambici\",\"description\":\"La bicicleta metropolitana\",\"potentialAction\":[{\"@type\":\"SearchAction\",\"target\":{\"@type\":\"EntryPoint\",\"urlTemplate\":\"https:\/\/www.ambici.cat\/es\/?s={search_term_string}\"},\"query-input\":{\"@type\":\"PropertyValueSpecification\",\"valueRequired\":true,\"valueName\":\"search_term_string\"}}],\"inLanguage\":\"es\"}]}<\/script>\n<!-- \/ Yoast SEO plugin. -->","yoast_head_json":{"title":"AMBici - Descubre el \u00e1rea metropolitana de Barcelona","description":"La bicicleta p\u00fablica metropolitana del \u00c1rea Metropolitana de Barcelona por 40\u20ac\/a\u00f1o. Desc\u00e1rgate la app de AMBici y empieza a pedalear.","robots":{"index":"index","follow":"follow","max-snippet":"max-snippet:-1","max-image-preview":"max-image-preview:large","max-video-preview":"max-video-preview:-1"},"canonical":"https:\/\/www.ambici.cat\/es\/","og_locale":"es_ES","og_type":"article","og_title":"AMBici - Descubre el \u00e1rea metropolitana de Barcelona","og_description":"La bicicleta p\u00fablica metropolitana del \u00c1rea Metropolitana de Barcelona por 40\u20ac\/a\u00f1o. Desc\u00e1rgate la app de AMBici y empieza a pedalear.","og_url":"https:\/\/www.ambici.cat\/es\/","og_site_name":"Ambici","article_modified_time":"2024-01-02T05:19:11+00:00","twitter_card":"summary_large_image","twitter_misc":{"Tiempo de lectura":"1 minuto"},"schema":{"@context":"https:\/\/schema.org","@graph":[{"@type":"WebPage","@id":"https:\/\/www.ambici.cat\/es\/","url":"https:\/\/www.ambici.cat\/es\/","name":"AMBici - Descubre el \u00e1rea metropolitana de Barcelona","isPartOf":{"@id":"https:\/\/www.ambici.cat\/es\/#website"},"datePublished":"2022-08-11T10:13:00+00:00","dateModified":"2024-01-02T05:19:11+00:00","description":"La bicicleta p\u00fablica metropolitana del \u00c1rea Metropolitana de Barcelona por 40\u20ac\/a\u00f1o. Desc\u00e1rgate la app de AMBici y empieza a pedalear.","breadcrumb":{"@id":"https:\/\/www.ambici.cat\/es\/#breadcrumb"},"inLanguage":"es","potentialAction":[{"@type":"ReadAction","target":["https:\/\/www.ambici.cat\/es\/"]}]},{"@type":"BreadcrumbList","@id":"https:\/\/www.ambici.cat\/es\/#breadcrumb","itemListElement":[{"@type":"ListItem","position":1,"name":"Startseite","item":"https:\/\/www.ambici.cat\/es\/"},{"@type":"ListItem","position":2,"name":"P\u00e1gina de inicio"}]},{"@type":"WebSite","@id":"https:\/\/www.ambici.cat\/es\/#website","url":"https:\/\/www.ambici.cat\/es\/","name":"Ambici","description":"La bicicleta metropolitana","potentialAction":[{"@type":"SearchAction","target":{"@type":"EntryPoint","urlTemplate":"https:\/\/www.ambici.cat\/es\/?s={search_term_string}"},"query-input":{"@type":"PropertyValueSpecification","valueRequired":true,"valueName":"search_term_string"}}],"inLanguage":"es"}]}},"_links":{"self":[{"href":"https:\/\/www.ambici.cat\/es\/wp-json\/wp\/v2\/pages\/118","targetHints":{"allow":["GET"]}}],"collection":[{"href":"https:\/\/www.ambici.cat\/es\/wp-json\/wp\/v2\/pages"}],"about":[{"href":"https:\/\/www.ambici.cat\/es\/wp-json\/wp\/v2\/types\/page"}],"author":[{"embeddable":true,"href":"https:\/\/www.ambici.cat\/es\/wp-json\/wp\/v2\/users\/2"}],"replies":[{"embeddable":true,"href":"https:\/\/www.ambici.cat\/es\/wp-json\/wp\/v2\/comments?post=118"}],"version-history":[{"count":11,"href":"https:\/\/www.ambici.cat\/es\/wp-json\/wp\/v2\/pages\/118\/revisions"}],"predecessor-version":[{"id":682,"href":"https:\/\/www.ambici.cat\/es\/wp-json\/wp\/v2\/pages\/118\/revisions\/682"}],"wp:attachment":[{"href":"https:\/\/www.ambici.cat\/es\/wp-json\/wp\/v2\/media?parent=118"}],"curies":[{"name":"wp","href":"https:\/\/api.w.org\/{rel}","templated":true}]}}