{"id":115,"date":"2022-08-11T12:13:47","date_gmt":"2022-08-11T10:13:47","guid":{"rendered":"https:\/\/nextbike-live.pluspol-networks.de\/ambici\/?page_id=115"},"modified":"2023-01-18T09:59:13","modified_gmt":"2023-01-18T08:59:13","slug":"aviso-legal","status":"publish","type":"page","link":"https:\/\/www.ambici.cat\/es\/aviso-legal\/","title":{"rendered":"Aviso legal"},"content":{"rendered":"<div class=\"wpb-content-wrapper\"><p>[vc_row][vc_column][vc_column_text]<h1 style=\"text-align: center\">Aviso legal Web AMBici<\/h1>\n<p style=\"text-align: center\"><strong>Condiciones generales de acceso y de uso de la web<\/strong><\/p>\n<p>&nbsp;<\/p>\n<p>Este apartado incluye informaci\u00f3n relativa a las condiciones generales de acceso y de uso del sitio <a href=\"\/\/www.ambici.cat\" data-fr-linked=\"true\">www.ambici.cat<\/a>, que deben ser conocidas por el usuario, a los efectos previstos en la Ley 34\/ 2002, de 11 de julio, de servicios de la sociedad de la informaci\u00f3n y de comercio electr\u00f3nico.<\/p>\n<p><strong>1. Datos del titular del sitio web\u00a0<\/strong><a href=\"\/\/www.ambici.cat\" data-fr-linked=\"true\"><strong>www.ambici.cat<\/strong><\/a><\/p>\n<ul>\n<li>Titular: \u00c1rea Metropolitana de Barcelona (AMB)<\/li>\n<li>CIF: P-0800258-F<\/li>\n<li>Domicilio social: Calle 62, n\u00fam. 16-18, edificio A &#8211; Zona Franca, 08040 Barcelona<\/li>\n<\/ul>\n<p><strong>2. Datos de los titulares de los servicios<\/strong><\/p>\n<p>El titular de los servicios ofrecidos en el sitio web <a href=\"\/\/www.ambici.cat\" data-fr-linked=\"true\">www.ambici.cat<\/a> tambi\u00e9n es la \u00c1rea Metropolitana de Barcelona (AMB).<\/p>\n<p><strong>3. Condiciones de acceso a\u00a0<\/strong><a href=\"\/\/www.ambici.cat\" data-fr-linked=\"true\"><strong>www.ambici.cat<\/strong><\/a><\/p>\n<p>El acceso a este sitio web es responsabilidad exclusiva de los usuarios y supone que conocen y aceptan las advertencias legales, condiciones y t\u00e9rminos de uso que contiene. Si el usuario no estuviera de acuerdo con el contenido de estas condiciones generales de navegaci\u00f3n, debe abandonar este sitio web y no puede acceder ni disponer de los servicios que ofrece.<\/p>\n<p>El usuario manifiesta haber le\u00eddo y aceptar expresamente el presente aviso legal al utilizar y registrarse en la p\u00e1gina web de la AMB y\/o los servicios que se ofrecen, autorizando al AMB a hacer uso de los datos de acuerdo con las finalidades y tratamientos descritos en este aviso legal.<\/p>\n<p>El usuario garantiza que tiene m\u00e1s de 16 a\u00f1os. Garantiza, adem\u00e1s, la veracidad y la autenticidad de la informaci\u00f3n comunicada como consecuencia de la contrataci\u00f3n de los servicios que se exijan en el registro de usuario y obliga asimismo a mantener esta informaci\u00f3n actualizada.<\/p>\n<p>La \u00c1rea Metropolitana de Barcelona (AMB), podr\u00e1 modificar, en cualquier momento que lo estime oportuno la configuraci\u00f3n de este sitio web, las condiciones del servicio y su contenido, as\u00ed como eliminarlos, limitarlos o suspenderlos de manera temporal o definitiva, o impedir su acceso, y debe procurar informar al usuario de dicho cambio, siempre que las circunstancias lo permitan, mediante una publicaci\u00f3n en el sitio web.<\/p>\n<p><strong>4. Condiciones de utilizaci\u00f3n de\u00a0<\/strong><a href=\"\/\/www.ambici.cat\" data-fr-linked=\"true\"><strong>www.ambici.cat<\/strong><\/a><\/p>\n<p>El usuario se compromete a hacer un uso adecuado de los servicios y\/o contenidos del sitio web y a no utilizarlos para actividades il\u00edcitas o constitutivas de delito y\/o que infrinjan lo establecido en este aviso legal, la regulaci\u00f3n sobre propiedad intelectual o industrial, o cualquier otra norma del ordenamiento jur\u00eddico. El uso que se haga de la informaci\u00f3n que contiene este sitio web es responsabilidad exclusiva del usuario.<\/p>\n<p>El usuario garantiza la autenticidad y veracidad de todos los datos que comunique a la AMB, mediante los diferentes formularios online y se responsabiliza de la inexactitud o la falta de veracidad de la informaci\u00f3n aportada.<\/p>\n<p><strong>5. Exoneraci\u00f3n de responsabilidades<\/strong><\/p>\n<p>La AMB no puede controlar la utilizaci\u00f3n que hagan los usuarios del sitio web <a href=\"\/\/www.ambici.cat\" data-fr-linked=\"true\">www.ambici.cat<\/a> y de sus contenidos, y por este motivo no es responsable de los da\u00f1os y perjuicios de cualquier naturaleza que puedan derivarse de un uso il\u00edcito, incorrecto, inadecuado o parcial y\/o del incumplimiento que haga el usuario de estas condiciones de acceso y uso, as\u00ed como de cualquier otra condici\u00f3n que se pueda encontrar en este sitio web respecto de cualquiera de sus servicios, sin perjuicio, en todo caso, de las acciones legales que correspondan a la \u00c1rea Metropolitana de Barcelona y\/o terceros.<\/p>\n<p>La AMB no puede garantizar la disponibilidad permanente y la continuidad en cuanto al funcionamiento del sitio web, ni a la informaci\u00f3n, el contenido, el software, los materiales o los productos que se incluyen.<\/p>\n<p>De esta manera, se excluye cualquier responsabilidad por los da\u00f1os y perjuicios de cualquier tipo que puedan derivarse de la falta de disponibilidad o continuidad del funcionamiento del sitio web, de sus servicios y del uso que los usuarios puedan hacer.<\/p>\n<p>En cualquier caso, la AMB har\u00e1 todos los esfuerzos posibles para mantener la disponibilidad continuada de este sitio web.<\/p>\n<p>Asimismo, la \u00c1rea Metropolitana de Barcelona no se hace responsable de los posibles errores o deficiencias de seguridad que pudieran producirse por la utilizaci\u00f3n, por parte del usuario, de un navegador con una versi\u00f3n no actualizada o insegura, as\u00ed como por la activaci\u00f3n de los dispositivos de conservaci\u00f3n de claves o c\u00f3digos de identificaci\u00f3n del usuario registrado en el navegador o de los da\u00f1os, los errores o inexactitudes que pudieran derivarse de un mal uso o funcionamiento.<\/p>\n<p>El usuario acepta que el sitio web ha sido creado y desarrollado de buena fe por la AMB, en colaboraci\u00f3n con sus colaboradores y proveedores, con informaci\u00f3n procedente de fuentes internas y externas y lo ofrece en su estado actual a los usuarios, a pesar de que pueda incluir imprecisiones o erratas. Por ello, el usuario exonera a la \u00c1rea Metropolitana de Barcelona de cualquier responsabilidad en relaci\u00f3n con la fiabilidad, utilidad o falsa expectativa que el sitio web le pudiera ocasionar durante la navegaci\u00f3n.<\/p>\n<p>En el supuesto de que el usuario causara cualquier tipo de da\u00f1os o perjuicios a terceros, este usuario es el \u00fanico responsable. Asimismo, el usuario se hace cargo de los gastos, los costes y, en su caso, las indemnizaciones que se puedan derivar de procedimientos judiciales motivados por el incumplimiento de lo establecido en estas condiciones y a la normativa aplicable.<\/p>\n<p><strong>6. Propiedad intelectual e industrial<\/strong><\/p>\n<p>Todos los contenidos del sitio web (incluyendo, sin car\u00e1cter limitativo: bases de datos, im\u00e1genes, dibujos, gr\u00e1ficos, archivos de texto, mapas, marcos, banners, software y sus distintos c\u00f3digos fuente, audio y v\u00eddeo), as\u00ed como el mismo sitio web como presentaci\u00f3n visual, son propiedad de la \u00c1rea Metropolitana de Barcelona.<\/p>\n<p>Queda prohibido cualquier uso, sin la autorizaci\u00f3n previa por escrito de la \u00c1rea Metropolitana de Barcelona, de los titulares de los derechos de propiedad intelectual o de otra propiedad de los contenidos, con car\u00e1cter enunciativo, pero no limitativo, la realizaci\u00f3n de los actos, tanto respecto del sitio web como de sus contenidos:<\/p>\n<ul>\n<li>Cualquier forma de comunicaci\u00f3n p\u00fablica, por cualquier procedimiento, incluida la puesta a disposici\u00f3n del p\u00fablico, de manera que cualquier persona pueda acceder a ellas desde el lugar y en el momento que elija.<\/li>\n<li>Cualquier forma de distribuci\u00f3n, incluyendo, sin car\u00e1cter limitativo, la venta, el alquiler y\/o el pr\u00e9stamo.<\/li>\n<li>Cualquier forma de reproducci\u00f3n directa o indirecta, temporal o permanente, por cualquier medio y en cualquier forma de la totalidad o parte de la web o de sus contenidos.<\/li>\n<li>Cualquier forma de transformaci\u00f3n, total o parcial, incluyendo la creaci\u00f3n de productos y\/o servicios derivados.<\/li>\n<li>Cualquier otra forma de acceso que incluya las formas anteriores u otras diferentes.<\/li>\n<li>Cualquier forma, directa o indirecta, de extracci\u00f3n y\/o reutilizaci\u00f3n de la totalidad o de una parte sustancial del contenido de cualquier base de datos, y\/o la extracci\u00f3n y\/o reutilizaci\u00f3n repetida o sistem\u00e1tica de sus partes no sustanciales.<\/li>\n<\/ul>\n<p>Sin embargo, el usuario puede visualizar libremente el sitio web y sus contenidos y descargarlos para uso personal y no comercial, sin que pueda hacerlo extensivo a terceras personas o entidades, ya sea a t\u00edtulo gratuito u oneroso.<\/p>\n<p>En consecuencia, la puesta a disposici\u00f3n y el uso de las bases de datos, im\u00e1genes, dibujos, gr\u00e1ficos, archivos de texto, de audio y de v\u00eddeo y el software propiedad de la \u00c1rea Metropolitana de Barcelona o de sus proveedores, que figuran en el sitio web, y cualquier otro contenido, no implica, en ning\u00fan caso, la cesi\u00f3n de su titularidad o la concesi\u00f3n de un derecho de uso en favor del usuario.<\/p>\n<p>Las marcas, r\u00f3tulos, signos distintivos o logotipos que aparecen en el sitio web son titularidad de la \u00c1rea Metropolitana de Barcelona, o han sido objeto de licencia o de cesi\u00f3n por parte de su titular y est\u00e1n debidamente registrados o en proceso de registro. El uso no autorizado o indebido de estos elementos es una infracci\u00f3n de los derechos de propiedad industrial de la \u00c1rea Metropolitana de Barcelona.<\/p>\n<p><strong>7. Procedimiento en el caso de actuaciones il\u00edcitas<\/strong><\/p>\n<p>En el supuesto de que cualquier usuario o un tercero considere que existen hechos o circunstancias que revelen el car\u00e1cter il\u00edcito del uso de cualquier contenido y\/o de la realizaci\u00f3n de cualquier actividad en las p\u00e1ginas web incluidas o accesibles a trav\u00e9s de este sitio web y, en particular, de la violaci\u00f3n de los derechos de propiedad industrial o intelectual, u otros derechos, deber\u00e1 enviar una notificaci\u00f3n a <a href=\"mailto:info@ambici.cat\" data-fr-linked=\"true\">info@ambici.cat<\/a>, la cual debe contener la siguiente informaci\u00f3n:<\/p>\n<ul>\n<li>Datos personales de la persona que reclama: nombre, direcci\u00f3n, tel\u00e9fono y direcci\u00f3n electr\u00f3nica.<\/li>\n<li>Especificaci\u00f3n de la supuesta actividad il\u00edcita y la indicaci\u00f3n precisa y concreta de los contenidos protegidos, as\u00ed como de su localizaci\u00f3n en las p\u00e1ginas web.<\/li>\n<li>En caso de que haya una violaci\u00f3n de derechos: datos personales del titular de los derechos supuestamente infringidos o de la persona autorizada para representarla y su firma.<\/li>\n<li>Declaraci\u00f3n expresa, clara y bajo la responsabilidad del reclamante de que la informaci\u00f3n proporcionada en la notificaci\u00f3n es exacta y de car\u00e1cter il\u00edcito en cuanto a la utilizaci\u00f3n de los contenidos o en la realizaci\u00f3n de las actividades descritas.<\/li>\n<\/ul>\n<p><strong>8. Tratamiento de Datos Personales<\/strong><\/p>\n<p>El servicio AMBici requiere tratamiento de los datos de los usuarios. El tratamiento de datos se realizar\u00e1 \u00fanica y exclusivamente para los servicios a los que se registre y las competencias propias de AMB de acuerdo a la normativa vigente en materia de protecci\u00f3n de datos. El usuario puede consultar el detalle del tratamiento de datos que realizamos en la Pol\u00edtica de privacidad.<\/p>\n<p>AMB se compromete a cumplir con el deber de secreto y confidencialidad respecto de los datos personales suministrados por el usuario y a aplicar las medidas necesarias adecuadas para garantizar la confidencialidad, disponibilidad e integridad de la informaci\u00f3n y datos personales.<\/p>\n<p><strong>9. Uso de cookies<\/strong><\/p>\n<p>La p\u00e1gina web <a href=\"\/\/www.ambici.cat\" data-fr-linked=\"true\">www.ambici.cat<\/a>, podr\u00e1 utilizar cookies con tal de facilitar la navegaci\u00f3n del usuario y conocer sus preferencias permitiendo su reconocimiento. No obstante, el usuario podr\u00e1 configurar su equipo para aceptar o rechazar las cookies que reciba. El usuario puede obtener m\u00e1s informaci\u00f3n sobre el uso de las cookies en Pol\u00edtica de cookies.<\/p>\n<p><strong>10. Enlaces a terceros<\/strong><\/p>\n<p>En el sitio web se han incluido enlaces a otras p\u00e1ginas web de entidades ajenas a la AMB que no asume la responsabilidad derivada de sus contenidos, as\u00ed como tampoco de los productos o servicios que ofrezcan y los posibles virus y malware que puedan contener.<\/p>\n<p><strong>11. Enlaces a\u00a0<\/strong><a href=\"\/\/www.ambici.cat\" data-fr-linked=\"true\"><strong>www.ambici.cat<\/strong><\/a><\/p>\n<p>Queda terminantemente prohibido que el usuario lleve a cabo alteraciones en este sitio web que puedan afectar a su contenido, tales como v\u00ednculos (o links) y similares.<\/p>\n<p>Tambi\u00e9n se proh\u00edben los enlaces con este sitio web desde p\u00e1ginas web, u otros medios, contrarios a la ley, a la moral, al orden p\u00fablico o que atenten contra el buen nombre o la imagen de la AMB.<\/p>\n<p><strong>12. Legislaci\u00f3n y jurisdicci\u00f3n<\/strong><\/p>\n<p>Las condiciones generales de este aviso legal y de cualquier otro texto con car\u00e1cter contractual de este sitio web se regulan por lo dispuesto en la legislaci\u00f3n espa\u00f1ola.<\/p>\n<p>Cualquier controversia que se derive del acceso y el uso de este sitio web y sus contenidos y servicios, as\u00ed como de la interpretaci\u00f3n y el cumplimiento de estas condiciones generales y de cualquier otro texto con car\u00e1cter contractual de este sitio web, las partes, con renuncia expresa a cualquier otro fuero que les pudiera corresponder, se someten expresamente a los juzgados y tribunales de la ciudad de Barcelona (Espa\u00f1a).<\/p>\n<p>&nbsp;<\/p>\n<p>&nbsp;<\/p>\n[\/vc_column_text][\/vc_column][\/vc_row]<\/p>\n<\/div>","protected":false},"excerpt":{"rendered":"<p>[vc_row][vc_column][vc_column_text][\/vc_column_text][\/vc_column][\/vc_row]<\/p>\n","protected":false},"author":2,"featured_media":0,"parent":0,"menu_order":0,"comment_status":"closed","ping_status":"closed","template":"","meta":{"_acf_changed":false,"inline_featured_image":false,"footnotes":""},"class_list":["post-115","page","type-page","status-publish","hentry"],"acf":[],"yoast_head":"<!-- This site is optimized with the Yoast SEO plugin v27.2 - https:\/\/yoast.com\/product\/yoast-seo-wordpress\/ -->\n<title>Aviso legal - Ambici<\/title>\n<meta name=\"robots\" content=\"index, follow, max-snippet:-1, max-image-preview:large, max-video-preview:-1\" \/>\n<link rel=\"canonical\" href=\"https:\/\/www.ambici.cat\/es\/aviso-legal\/\" \/>\n<meta property=\"og:locale\" content=\"es_ES\" \/>\n<meta property=\"og:type\" content=\"article\" \/>\n<meta property=\"og:title\" content=\"Aviso legal - Ambici\" \/>\n<meta property=\"og:description\" content=\"[vc_row][vc_column][vc_column_text][\/vc_column_text][\/vc_column][\/vc_row]\" \/>\n<meta property=\"og:url\" content=\"https:\/\/www.ambici.cat\/es\/aviso-legal\/\" \/>\n<meta property=\"og:site_name\" content=\"Ambici\" \/>\n<meta property=\"article:modified_time\" content=\"2023-01-18T08:59:13+00:00\" \/>\n<meta name=\"twitter:card\" content=\"summary_large_image\" \/>\n<meta name=\"twitter:label1\" content=\"Tiempo de lectura\" \/>\n\t<meta name=\"twitter:data1\" content=\"1 minuto\" \/>\n<script type=\"application\/ld+json\" class=\"yoast-schema-graph\">{\"@context\":\"https:\/\/schema.org\",\"@graph\":[{\"@type\":\"WebPage\",\"@id\":\"https:\/\/www.ambici.cat\/es\/aviso-legal\/\",\"url\":\"https:\/\/www.ambici.cat\/es\/aviso-legal\/\",\"name\":\"Aviso legal - Ambici\",\"isPartOf\":{\"@id\":\"https:\/\/www.ambici.cat\/es\/#website\"},\"datePublished\":\"2022-08-11T10:13:47+00:00\",\"dateModified\":\"2023-01-18T08:59:13+00:00\",\"breadcrumb\":{\"@id\":\"https:\/\/www.ambici.cat\/es\/aviso-legal\/#breadcrumb\"},\"inLanguage\":\"es\",\"potentialAction\":[{\"@type\":\"ReadAction\",\"target\":[\"https:\/\/www.ambici.cat\/es\/aviso-legal\/\"]}]},{\"@type\":\"BreadcrumbList\",\"@id\":\"https:\/\/www.ambici.cat\/es\/aviso-legal\/#breadcrumb\",\"itemListElement\":[{\"@type\":\"ListItem\",\"position\":1,\"name\":\"Startseite\",\"item\":\"https:\/\/www.ambici.cat\/es\/\"},{\"@type\":\"ListItem\",\"position\":2,\"name\":\"Aviso legal\"}]},{\"@type\":\"WebSite\",\"@id\":\"https:\/\/www.ambici.cat\/es\/#website\",\"url\":\"https:\/\/www.ambici.cat\/es\/\",\"name\":\"Ambici\",\"description\":\"La bicicleta metropolitana\",\"potentialAction\":[{\"@type\":\"SearchAction\",\"target\":{\"@type\":\"EntryPoint\",\"urlTemplate\":\"https:\/\/www.ambici.cat\/es\/?s={search_term_string}\"},\"query-input\":{\"@type\":\"PropertyValueSpecification\",\"valueRequired\":true,\"valueName\":\"search_term_string\"}}],\"inLanguage\":\"es\"}]}<\/script>\n<!-- \/ Yoast SEO plugin. -->","yoast_head_json":{"title":"Aviso legal - Ambici","robots":{"index":"index","follow":"follow","max-snippet":"max-snippet:-1","max-image-preview":"max-image-preview:large","max-video-preview":"max-video-preview:-1"},"canonical":"https:\/\/www.ambici.cat\/es\/aviso-legal\/","og_locale":"es_ES","og_type":"article","og_title":"Aviso legal - Ambici","og_description":"[vc_row][vc_column][vc_column_text][\/vc_column_text][\/vc_column][\/vc_row]","og_url":"https:\/\/www.ambici.cat\/es\/aviso-legal\/","og_site_name":"Ambici","article_modified_time":"2023-01-18T08:59:13+00:00","twitter_card":"summary_large_image","twitter_misc":{"Tiempo de lectura":"1 minuto"},"schema":{"@context":"https:\/\/schema.org","@graph":[{"@type":"WebPage","@id":"https:\/\/www.ambici.cat\/es\/aviso-legal\/","url":"https:\/\/www.ambici.cat\/es\/aviso-legal\/","name":"Aviso legal - Ambici","isPartOf":{"@id":"https:\/\/www.ambici.cat\/es\/#website"},"datePublished":"2022-08-11T10:13:47+00:00","dateModified":"2023-01-18T08:59:13+00:00","breadcrumb":{"@id":"https:\/\/www.ambici.cat\/es\/aviso-legal\/#breadcrumb"},"inLanguage":"es","potentialAction":[{"@type":"ReadAction","target":["https:\/\/www.ambici.cat\/es\/aviso-legal\/"]}]},{"@type":"BreadcrumbList","@id":"https:\/\/www.ambici.cat\/es\/aviso-legal\/#breadcrumb","itemListElement":[{"@type":"ListItem","position":1,"name":"Startseite","item":"https:\/\/www.ambici.cat\/es\/"},{"@type":"ListItem","position":2,"name":"Aviso legal"}]},{"@type":"WebSite","@id":"https:\/\/www.ambici.cat\/es\/#website","url":"https:\/\/www.ambici.cat\/es\/","name":"Ambici","description":"La bicicleta metropolitana","potentialAction":[{"@type":"SearchAction","target":{"@type":"EntryPoint","urlTemplate":"https:\/\/www.ambici.cat\/es\/?s={search_term_string}"},"query-input":{"@type":"PropertyValueSpecification","valueRequired":true,"valueName":"search_term_string"}}],"inLanguage":"es"}]}},"_links":{"self":[{"href":"https:\/\/www.ambici.cat\/es\/wp-json\/wp\/v2\/pages\/115","targetHints":{"allow":["GET"]}}],"collection":[{"href":"https:\/\/www.ambici.cat\/es\/wp-json\/wp\/v2\/pages"}],"about":[{"href":"https:\/\/www.ambici.cat\/es\/wp-json\/wp\/v2\/types\/page"}],"author":[{"embeddable":true,"href":"https:\/\/www.ambici.cat\/es\/wp-json\/wp\/v2\/users\/2"}],"replies":[{"embeddable":true,"href":"https:\/\/www.ambici.cat\/es\/wp-json\/wp\/v2\/comments?post=115"}],"version-history":[{"count":2,"href":"https:\/\/www.ambici.cat\/es\/wp-json\/wp\/v2\/pages\/115\/revisions"}],"predecessor-version":[{"id":469,"href":"https:\/\/www.ambici.cat\/es\/wp-json\/wp\/v2\/pages\/115\/revisions\/469"}],"wp:attachment":[{"href":"https:\/\/www.ambici.cat\/es\/wp-json\/wp\/v2\/media?parent=115"}],"curies":[{"name":"wp","href":"https:\/\/api.w.org\/{rel}","templated":true}]}}