{"id":1148,"date":"2025-06-27T11:52:26","date_gmt":"2025-06-27T09:52:26","guid":{"rendered":"https:\/\/www.ambici.cat\/?page_id=1148"},"modified":"2026-03-09T13:30:11","modified_gmt":"2026-03-09T12:30:11","slug":"condicions","status":"publish","type":"page","link":"https:\/\/www.ambici.cat\/ca\/condicions\/","title":{"rendered":"Condicions"},"content":{"rendered":"<h1>Condicions<\/h1>\n<p>Condicions Generals reguladores d\u2019 acc\u00e9s i d\u2019utilitzaci\u00f3 del servei de bicicleta p\u00fablica complementari als mitjans de transport p\u00fablic metropolitans (anomenat servei AMBici)<\/p>\n<p>&nbsp;<\/p>\n<p>Titular del servei:<\/p>\n<p>\u00c0rea Metropolitana de Barcelona, amb domicili al carrer 62, 16-18 Edifici A, Pol\u00edgon Industrial Zona Franca, 08040, Barcelona, i NIF P0800258F.<\/p>\n<p>Dades d\u2019identificaci\u00f3 del gestor del servei:<\/p>\n<p>Projectes i Serveis de Mobilitat, SA, societat mercantil amb capital social de titularitat p\u00fablica, amb domicili al carrer 60, 21-23 Sector A, Pol\u00edgon Industrial Zona Franca, 08040, Barcelona, i NIF A63645220.<\/p>\n<p>&nbsp;<\/p>\n<p style=\"text-align: center\">CL\u00c0USULES<\/p>\n<p>PRIMERA. OBJECTE DEL CONTRACTE<\/p>\n<p>Aquest document t\u00e9 per objecte regular les condicions generals d\u2019acc\u00e9s i d\u2019 utilitzaci\u00f3 del servei de bicicleta p\u00fablica complementari als mitjans de transport p\u00fablic metropolitans, anomenat, servei AMBici.<\/p>\n<p>El servei AMBici consisteix en la utilitzaci\u00f3, per part de l\u2019usuari, de les bicicletes que pertanyen al servei, d\u2019acord amb les condicions d\u2019utilitzaci\u00f3 que es descriuen en aquestes Condicions Generals.<\/p>\n<p>&nbsp;<\/p>\n<p>SEGONA. \u00c0MBIT TERRITORIAL D\u2019UTILITZACI\u00d3 DEL SERVEI<\/p>\n<p>L\u2019\u00e0mbit territorial del servei AMBici est\u00e0 format per 15 municipis metropolitans: l&#8217;Hospitalet de Llobregat, Badalona, Cornell\u00e0 de Llobregat, Santa Coloma de Gramenet, el Prat de Llobregat, Esplugues de Llobregat, Sant Feliu de Llobregat, Sant Adri\u00e0 de Bes\u00f2s, Sant Joan Desp\u00ed, Sant Just Desvern, Molins de Rei, Sant Boi de Llobregat, Viladecans, Gav\u00e0 i Castelldefels. A fi de completar els despla\u00e7aments entre dues estacions del servei es permetr\u00e0 l\u2019\u00fas de les bicicletes en les zones urbanes (pol\u00edgons inclosos) dels 15 municipis, i per les connexions interurbanes, entre els 15 municipis, a trav\u00e9s de la xarxa Bicivia.<\/p>\n<p>&nbsp;<\/p>\n<p>TERCERA. CONDICIONS PER DONAR-SE D\u2019ALTA COM A USUARI DEL SERVEI AMBICI<\/p>\n<p>Per poder utilitzar el servei AMBici, els usuaris s\u2019hauran de donar d\u2019alta seguint el procediment descrit en aquest document .<\/p>\n<p>Poden donar-se d\u2019alta com a usuaris del servei AMBici les persones f\u00edsiques majors d\u2019edat, aix\u00ed com les persones jur\u00eddiques mitjan\u00e7ant el seu representant legal, seguint el procediment descrit en la cl\u00e0usula quarta.<\/p>\n<p>Aix\u00ed mateix, els menors de 18 anys i majors de 16 anys poden donar-se d\u2019alta com a usuaris del servei AMBici sempre que envi\u00efn, degudament emplenada, l\u2019autoritzaci\u00f3 que consta a la p\u00e0gina web o que facilita el servei a l\u2019Oficina d\u2019Atenci\u00f3 a l\u2019Usuari, signada per un pare\/mare o tutor legal del menor, en la qual consti la corresponent declaraci\u00f3 d\u2019assumpci\u00f3 de responsabilitat respecte del menor. Juntament amb l\u2019autoritzaci\u00f3, el pare\/mare o tutor legal cal que envi\u00ef una fotoc\u00f2pia del seu DNI, del DNI del menor i del llibre de fam\u00edlia. En aquest cas, l\u2019alta ser\u00e0 efectiva quan el servei AMBici hagi revisat i aprovat la documentaci\u00f3 rebuda.<\/p>\n<p>Per tal d\u2019evitar la duplicitat, queda prohibit que un usuari es doni d\u2019alta una segona vegada pel mateix abonament, si pr\u00e8viament no n&#8217;ha cursat la baixa corresponent, a excepci\u00f3 dels abonaments per a empreses, on un usuari pot estar donat d\u2019alta com a representant legal de l\u2019empresa i com a persona f\u00edsica.<\/p>\n<p>&nbsp;<\/p>\n<p>QUARTA. PROCEDIMENT PER DONAR-S&#8217;HI D\u2019ALTA<\/p>\n<p>Les persones tant f\u00edsiques com jur\u00eddiques que, complint amb els requisits indicats en aquestes Condicions Generals, vulguin donar-se d\u2019alta al servei, hauran de seguir el procediment que es detalla a continuaci\u00f3:<\/p>\n<p>&nbsp;<\/p>\n<p>&nbsp;<\/p>\n<p>a)\u00a0 \u00a0 \u00a0Procediment d\u2019alta via internet o aplicaci\u00f3 m\u00f2bil<\/p>\n<p>La persona que vulgui donar-s&#8217;hi d\u2019alta haur\u00e0 d\u2019accedir a la p\u00e0gina web (www.ambici.cat) o l\u2019aplicaci\u00f3 m\u00f2bil del servei, i fer el proc\u00e9s de subscripci\u00f3, seleccionar l\u2019abonament desitjat i acceptar expressament les condicions que s\u2019estableixen en aquest document.<\/p>\n<p>La documentaci\u00f3 i les dades sol\u00b7licitades durant el proc\u00e9s de subscripci\u00f3 poden ser diferents segons l\u2019abonament seleccionat.<\/p>\n<p>El fet de marcar, a l\u2019apartat corresponent de la p\u00e0gina web o de l\u2019aplicaci\u00f3 m\u00f2bil del servei, la casella d\u2019acceptaci\u00f3 de les Condicions Generals del servei implica l\u2019acceptaci\u00f3 expressa per part de l\u2019usuari de les condicions d\u2019aquest document, aix\u00ed com una declaraci\u00f3 de coneixement del seu contingut.<\/p>\n<p>Un cop realitzat el tr\u00e0mit d\u2019alta (subscripci\u00f3) i fet el pagament, l\u2019usuari rebr\u00e0 la confirmaci\u00f3 per correu electr\u00f2nic.<\/p>\n<p>b)\u00a0 \u00a0 \u00a0Procediment d\u2019alta de manera presencial:<\/p>\n<p>La persona que vulgui donar-se d\u2019alta presencialment a l\u2019Oficina d\u2019Atenci\u00f3 a l\u2019Usuari del servei AMBici haur\u00e0 de fer el proc\u00e9s de subscripci\u00f3, seleccionar l\u2019abonament o abonaments desitjats i acceptar expressament les condicions que estableix aquest document, amb l\u2019assist\u00e8ncia d\u2019un agent d\u2019atenci\u00f3 a l\u2019usuari.<\/p>\n<p>Tant en els casos d\u2019alta via internet o aplicaci\u00f3 m\u00f2bil, com presencialment, l\u2019usuari que seleccioni un abonament amb quota anual o temporal est\u00e0 obligat a fer efectiu el pagament de la quota fixada per poder fer-ne efectiva l\u2019alta. En tot cas, el per\u00edode anual de la quota s\u2019iniciar\u00e0 en el moment que es produeixi l\u2019alta efectiva.<\/p>\n<p>En el cas de l\u2019abonament temporal, anomenat FLEXIBLE, tot i fer l\u2019alta efectiva, la durada de l\u2019abonament ser\u00e0 calculada a partir de l\u2019activaci\u00f3 del mateix, la qual pot ser efectuada quan finalitzi la compra del mateix, o a posteriori per mitj\u00e0 del correu de confirmaci\u00f3 de compra o b\u00e9 accedint a l\u2019espai client.<\/p>\n<p>c) \u00das del servei per mitj\u00e0 d\u2019una targeta RFID<\/p>\n<p>En el cas de la compra d\u2019un abonament anual, l\u2019usuari rebr\u00e0 la targeta AMBici, pr\u00e8via petici\u00f3 i pagament del seu cost, en el seu domicili. Sempre que aquest es trobi dintre de l\u2019\u00e0mbit territorial del servei.<\/p>\n<p>En el cas de la compra de l\u2019abonament Flexible, tamb\u00e9 s\u2019haur\u00e0 de sol\u00b7licitar la targeta i fer-ne el pagament pr\u00e8viament. Cal tenir en compte, que l\u2019entrega de la mateixa es realitzar\u00e0 7 dies posterior a la seva adquisici\u00f3, i que l\u2019entrega s\u2019ha de fer en una adre\u00e7a dintre de l\u2019\u00e0mbit territorial del servei.<\/p>\n<p>Aquesta targeta ha de ser activada seguint les instruccions que s\u2019indiquen.<\/p>\n<p>&nbsp;<\/p>\n<p>CINQUENA. ALTA EFECTIVA<\/p>\n<p>Una vegada fet el procediment d\u2019alta (incl\u00f2s el pagament de la quota anual o temporal, si escau), l\u2019alta es considerar\u00e0 efectiva.<\/p>\n<p>Mentre que en el cas dels abonaments anuals, l\u2019alta i l\u2019activaci\u00f3 es fa efectiva el mateix dia de la compra, en l\u2019abonament temporal hi ha fins a un m\u00e0xim de 90 dies per activar-lo.<\/p>\n<p>&nbsp;<\/p>\n<p>&nbsp;<\/p>\n<p>SISENA. RENOVACI\u00d3 AUTOM\u00c0TICA<\/p>\n<p>En el cas d\u2019abonaments amb quota anual, 15 dies abans de la fi del termini de la vig\u00e8ncia de l\u2019abonament, el servei de bicicleta p\u00fablica comunicar\u00e0 aquest fet per correu electr\u00f2nic a l\u2019usuari.<\/p>\n<p>L\u2019usuari abonat amb renovaci\u00f3 autom\u00e0tica tindr\u00e0 l\u2019opci\u00f3 de mantenir o desactivar la renovaci\u00f3 autom\u00e0tica de la subscripci\u00f3 seguint el procediment establert. Si aquest no realitza la desactivaci\u00f3 autom\u00e0tica seguint el procediment i fins a 7 dies abans de la fi del termini de la vig\u00e8ncia de l\u2019abonament, s\u2019entendr\u00e0 que l\u2019usuari desitja mantenir l\u2019abonament i per tant es dur\u00e0 a terme la seva renovaci\u00f3 autom\u00e0tica.<\/p>\n<p>L\u2019usuari que no tingui activada la renovaci\u00f3 autom\u00e0tica, 7 dies abans de la fi del termini de la vig\u00e8ncia de l\u2019abonament, s\u2019entendr\u00e0 que l\u2019usuari no desitja mantenir l\u2019abonament i per tant no es dur\u00e0 a terme la renovaci\u00f3 de la seva subscripci\u00f3.<\/p>\n<p>L\u2019abonament Flexible no inclouen la renovaci\u00f3 autom\u00e0tica un cop finalitzat el per\u00edode de vig\u00e8ncia de l\u2019abonament. Per tal de continuar gaudint del servei , l\u2019usuari haur\u00e0 de realitzar manualment una nova subscripci\u00f3 un cop hagi expirat el termini de l\u2019abonament.<\/p>\n<p>&nbsp;<\/p>\n<p>&nbsp;<\/p>\n<p>SETENA. LIMITACI\u00d3 D\u2019ALTES SEGONS LES CIRCUMST\u00c0NCIES DEL SERVEI<\/p>\n<p>L\u2019admissi\u00f3 de nous usuaris abonats pot estar limitada en funci\u00f3 del grau de saturaci\u00f3 del servei. Si cal, s\u2019establir\u00e0 una llista d\u2019espera per estricte ordre de sol\u00b7licitud d\u2019alta i regulada per l\u2019AMB i PSM.<\/p>\n<p>&nbsp;<\/p>\n<p>&nbsp;<\/p>\n<p>VUITENA. BAIXA I NO RENOVACI\u00d3 DE LA SUBSCRIPCI\u00d3<\/p>\n<p>Les persones tant f\u00edsiques com jur\u00eddiques podran o seran donades de baixa del servei, en cas que es compleixi algun dels sup\u00f2sits seg\u00fcents:<\/p>\n<div>\n<ol>\n<li>Baixa volunt\u00e0ria de l&#8217;usuari<\/li>\n<\/ol>\n<\/div>\n<p>L\u2019usuari es podr\u00e0 donar de baixa del servei per internet o aplicaci\u00f3 m\u00f2bil, o de manera presencial.<\/p>\n<div>\n<ol>\n<li>Procediment de no renovaci\u00f3 via internet o aplicaci\u00f3 m\u00f2bil<\/li>\n<\/ol>\n<\/div>\n<p>L\u2019usuari que no vulgui renovar la subscripci\u00f3 haur\u00e0 de modificar la renovaci\u00f3 autom\u00e0tica a la zona d\u2019usuari de la p\u00e0gina web (<a href=\"http:\/\/www.ambici.cat\">www.ambici.cat<\/a>). L\u2019usuari podr\u00e0 gaudir del servei fins al darrer dia de la data de vig\u00e8ncia de l&#8217;abonament i un cop finalitzat no es renovar\u00e0.<\/p>\n<div>\n<ol>\n<li>Procediment de baixa de manera presencial:<\/li>\n<\/ol>\n<\/div>\n<p>L\u2019usuari que es vulgui donar de baixa del servei presencialment a l\u2019Oficina d\u2019Atenci\u00f3 a l\u2019Usuari del servei AMBici haur\u00e0 de fer el proc\u00e9s de baixa, amb l\u2019assist\u00e8ncia d\u2019un agent d\u2019atenci\u00f3 a l\u2019usuari. L\u2019usuari podr\u00e0 gaudir del servei fins al darrer dia de la data de vig\u00e8ncia de l&#8217;abonament i un cop finalitzat no es renovar\u00e0.<\/p>\n<div>\n<ol>\n<li>Baixa per no pagament:<\/li>\n<\/ol>\n<\/div>\n<p>S\u2019aplicar\u00e0 una baixa temporal o definitiva per no pagament quan un usuari no aboni les tarifes per \u00fas o penalitzacions que li siguin aplicables, o torni els rebuts bancaris corresponents.<\/p>\n<p>Aquesta circumst\u00e0ncia pot donar lloc a tramitar un proc\u00e9s d\u2019incompliment, i en tot cas el gestor pot rescabalar l\u2019usuari de tots els danys patits en aquest per\u00edode.<\/p>\n<div>\n<ol>\n<li>Baixa per incompliment:<\/li>\n<\/ol>\n<\/div>\n<p>El servei de bicicleta p\u00fablica pot donar de baixa temporal o definitiva una persona usu\u00e0ria, amb pr\u00e8via tramitaci\u00f3 del corresponent proc\u00e9s d\u2019incompliment previst en aquestes Condicions.<\/p>\n<p>&nbsp;<\/p>\n<p>NOVENA. MODALITATS D\u2019ABONAMENT<\/p>\n<p>L\u2019usuari estar\u00e0 en actiu per al per\u00edode corresponent a la modalitat d\u2019abonament escollida.<\/p>\n<p>En el cas de l\u2019abonament anual, l\u2019usuari estar\u00e0 en actiu pel per\u00edode d\u2019un any (en el qual s\u2019inicia el c\u00f2mput del termini de vig\u00e8ncia de l\u2019abonament des del moment de l\u2019alta), excepte en els sup\u00f2sits previstos en aquestes Condicions Generals, relatius a l\u2019aplicaci\u00f3 de les mesures previstes en els casos d\u2019incompliment.<\/p>\n<p>En el cas de l\u2019abonament Flexible, l\u2019usuari estar\u00e0 actiu pel per\u00edode corresponent a la durada del mateix, un dia (24h), dos dies (48h) i tres dies (72h), no des del moment de la compra del mateix, sin\u00f3 des del moment de la seva activaci\u00f3.<\/p>\n<p>L\u2019usuari no pot fer un canvi de modalitat durant la subscripci\u00f3 vigent i, per tant, s\u2019ha d\u2019esperar a la finalitzaci\u00f3 de la subscripci\u00f3 o b\u00e9 donar\u2010se&#8217;n de baixa i donar\u2010se&#8217;n d\u2019alta per canviar de modalitat<\/p>\n<p>Un cop acabi aquest termini, \u00fanicament l\u2019abonament anual \u00e9s renovat autom\u00e0ticament pel per\u00edode establert, segons la modalitat adoptada, i el procediment de renovaci\u00f3, alta i baixa establert en el punt anterior.<\/p>\n<p>&nbsp;<\/p>\n<p>DESENA. HORARIS I TARIFES<\/p>\n<p style=\"font-weight: 400\">El servei AMBici \u00e9s un servei operatiu\u00a021 hores\/7 dies per setmana i 365 dies a l\u2019any.<\/p>\n<p style=\"font-weight: 400\">La retirada de bicicletes o el retorn estar\u00e0 disponible entre les\u00a05:00h i les 2:00h de la nit.<\/p>\n<p>No obstant, l\u2019AMB, conjuntament amb el gestor del servei, podr\u00e0 establir restriccions operatives a la retirada de bicicletes o ampliacions operatives al retorn, segons s\u2019especifica a la p\u00e0gina web del servei.<\/p>\n<p>Els horaris, tarifes o penalitzacions seran els que acordi en cada moment l\u2019AMB d\u2019acord amb el gestor del servei. Les tarifes i les penalitzacions tindran el car\u00e0cter de preus p\u00fablics metropolitans i s\u2019aprovaran anualment per part de l\u2019AMB. Els horaris, tarifes i penalitzacions vigents seran publicats a la p\u00e0gina web del servei.<\/p>\n<p>Respecte de les tarifes:<\/p>\n<p>a)\u00a0 \u00a0 \u00a0 \u00a0 \u00a0 \u00a0Podr\u00e0 establir-se una quota anual o temporal per la tinen\u00e7a d\u2019un abonament.<\/p>\n<p>b)\u00a0 \u00a0 \u00a0 \u00a0 \u00a0 \u00a0Segons l\u2019abonament, podran establir-se tarifes per \u00fas en funci\u00f3 del temps i per\u00edodes de gratu\u00eftat.<\/p>\n<p>c)\u00a0 \u00a0 \u00a0 \u00a0 \u00a0 \u00a0Podran establir-se penalitzacions quan no es retorni adequadament o a temps la bicicleta, o en cas de robatori, p\u00e8rdua o deteriorament.<\/p>\n<p>d)\u00a0 \u00a0 \u00a0 \u00a0 \u00a0 \u00a0Les tarifes tamb\u00e9 podran incloure serveis com la recuperaci\u00f3 d\u2019una bicicleta abans de completar el despla\u00e7ament en una estaci\u00f3, l\u2019enviament d\u2019alertes SMS o correus electr\u00f2nics, o l\u2019emissi\u00f3 de la targeta d\u2019usuari (en cas que s\u2019utilitzin) i de duplicats de targeta.<\/p>\n<p>El temps d\u2019utilitzaci\u00f3 es determinar\u00e0 segons les dades registrades a la plataforma de control del servei de bicicleta p\u00fablica i aquestes dades seran la prova de quin ha estat el per\u00edode d\u2019\u00fas.<\/p>\n<p>Els possibles canvis d\u2019horaris i\/o tarifes seran comunicats als usuaris a trav\u00e9s de la p\u00e0gina web, l\u2019app i els seus correus electr\u00f2nics.<\/p>\n<p>&nbsp;<\/p>\n<p>ONZENA. CONDICIONS D\u2019UTILITZACI\u00d3 GENERALS<\/p>\n<p>L\u2019usuari tindr\u00e0 dret a una bicicleta d\u2019\u00fas compartit que retirar\u00e0 d\u2019una estaci\u00f3 mitjan\u00e7ant l\u2019aplicaci\u00f3 m\u00f2bil del servei o la targeta AMBici d\u2019identificaci\u00f3 personal. Aquesta retirada marcar\u00e0 l\u2019inici del temps de pagament per \u00fas (si \u00e9s el cas) segons les tarifes vigents.<\/p>\n<p>Quan finalitzi el seu despla\u00e7ament, l\u2019usuari estacionar\u00e0 la bicicleta d\u2019\u00fas compartit en una estaci\u00f3. Aquest estacionament marcar\u00e0 la fi del temps de pagament per \u00fas segons les tarifes vigents.<\/p>\n<p>Un usuari no pot utilitzar m\u00e9s d\u2019una bicicleta alhora.<\/p>\n<p>Cada nou \u00fas del servei implica l\u2019acceptaci\u00f3 de les normes establertes.<\/p>\n<p>&nbsp;<\/p>\n<p>DOTZENA. PROCEDIMENT PER RETIRAR UNA BICICLETA<\/p>\n<p>El procediment per retirar una bicicleta d\u2019una estaci\u00f3 \u00e9s el que es descriu a continuaci\u00f3 en l\u00ednies generals:<\/p>\n<p>a)\u00a0 \u00a0 \u00a0 \u00a0 \u00a0 \u00a0L\u2019usuari haur\u00e0 de sol\u00b7licitar una bicicleta amb la seva aplicaci\u00f3 m\u00f2bil, fent una lectura del codi QR que hi ha a la bicicleta, o passant la seva targeta AMBici pel lector situat a la bicicleta. Passats uns 10 segons, la bicicleta haur\u00e0 alliberat el cadenat de la roda del davant i la del darrera.<\/p>\n<p>b)\u00a0 \u00a0 \u00a0 \u00a0 \u00a0 \u00a0L\u2019usuari retirar\u00e0 la bicicleta.<\/p>\n<p>c)\u00a0 \u00a0 \u00a0 \u00a0 \u00a0 \u00a0Seguidament, activar\u00e0 i comprovar\u00e0 la bicicleta (en especial, el nivell de c\u00e0rrega de la bateria seguint les instruccions indicades a la mateixa bicicleta.<\/p>\n<p>Si l\u2019usuari hi observa qualsevol anomalia, donar\u00e0 av\u00eds a l\u2019Oficina d\u2019Atenci\u00f3 a l\u2019Usuari i seguir\u00e0 les seves instruccions. En general, l\u2019usuari haur\u00e0 de retornar la bicicleta, donar per finalitzat el despla\u00e7ament i retirar una nova bicicleta. Aix\u00ed mateix, es fixar\u00e0 un temps de franqu\u00edcia (sense pagament) per realitzar aquest retorn motivat per causes t\u00e8cniques, segons s\u2019indica en la p\u00e0gina web del servei.<\/p>\n<p>Si l\u2019activaci\u00f3 i comprovaci\u00f3 de la bicicleta ha resultat positiva, l\u2019usuari podr\u00e0 comen\u00e7ar el seu despla\u00e7ament.<\/p>\n<p>En tot cas, l\u2019usuari est\u00e0 obligat a seguir les normes d\u2019utilitzaci\u00f3 especificades a la p\u00e0gina web del servei, a l\u2019aplicaci\u00f3 m\u00f2bil o a la mateixa estaci\u00f3.<\/p>\n<p>&nbsp;<\/p>\n<p>TRETZENA. PROCEDIMENT PER RETORNAR UNA BICICLETA<\/p>\n<p>En un ancoratge<\/p>\n<p>Un cop finalitzat el despla\u00e7ament, cal estacionar la bicicleta en una pla\u00e7a lliure d\u2019una estaci\u00f3 seguint el procediment general seg\u00fcent:<\/p>\n<ol>\n<li>L\u2019usuari ancorar\u00e0 la bicicleta, i s\u2019assegurar\u00e0 que aquesta ha quedat ben bloquejada i s\u2019ha baixat l\u2019ancoratge de la roda de darrera.<\/li>\n<li>L\u2019usuari te l\u2019obligaci\u00f3 de comprovar la correcta finalitzaci\u00f3 del trajecte per l\u2019app AMBici abans d\u2019abandonar l\u2019estaci\u00f3.<\/li>\n<\/ol>\n<p>&nbsp;<\/p>\n<p>Sense ancoratge (pla\u00e7a +P)<\/p>\n<p>En el cas que tots els ancoratges de l\u2019estaci\u00f3 estiguin ocupats, es permet deixar la bicicleta als espais delimitats de color taronja (+P).<\/p>\n<ol>\n<li>Un cop aparcada, l\u2019usuari ha de baixar el cavallet i tancar el cadenat de la roda del darrera.<\/li>\n<li>L\u2019usuari te l\u2019obligaci\u00f3 de comprovar la correcta finalitzaci\u00f3 del trajecte per l\u2019app AMBici abans d\u2019abandonar l\u2019estaci\u00f3.<\/li>\n<\/ol>\n<p>&nbsp;<\/p>\n<p>En ambd\u00f3s cassos, aparcaments amb ancoratge o sense ancoratge, si despr\u00e9s de fer les comprovacions pertinents, l\u2019usuari hi detecta qualsevol anomalia, queda obligat a avisar l\u2019Oficina d\u2019Atenci\u00f3 a l\u2019Usuari a trav\u00e9s del seu tel\u00e8fon disponible durant les hores del servei, de la p\u00e0gina web o de l\u2019aplicaci\u00f3 m\u00f2bil del servei de bicicleta p\u00fablica, abans d\u2019abandonar l\u2019estaci\u00f3.<\/p>\n<p>&nbsp;<\/p>\n<p>CATORZENA. CONDICIONS D\u2019UTILITZACI\u00d3 PARTICULARS<\/p>\n<p>El temps d\u2019\u00fas d\u2019una bicicleta comen\u00e7a quan es desbloqueja i s\u2019activa una bicicleta (en una estaci\u00f3) i acaba quan es bloqueja i desactiva la bicicleta (en una estaci\u00f3), amb la qual cosa queda disponible la bicicleta d\u2019\u00fas compartit per a un altre usuari.<\/p>\n<p>No es poden llogar o utilitzar amb finalitats comercials qualsevol dels elements que componen el servei de bicicleta p\u00fablica, com ara el compte d\u2019usuari, la targeta, les bicicletes o les estacions.<\/p>\n<p>Si durant un despla\u00e7ament amb una bicicleta es produeix qualsevol incid\u00e8ncia: una avaria, l\u2019esgotament de la bateria, un acte vand\u00e0lic o inc\u00edvic, un accident, un robatori, impossibilitat de trobar una pla\u00e7a lliure, etc., l\u2019usuari queda obligat a comunicar-ho urgentment a l\u2019Oficina d\u2019Atenci\u00f3 a l\u2019Usuari i procedir segons les seves indicacions.<\/p>\n<p>Si per qualsevol circumst\u00e0ncia es deixa abandonada una bicicleta, sense concloure adequadament el despla\u00e7ament en una estaci\u00f3, l\u2019usuari implicat haur\u00e0 de respondre del cost de recuperaci\u00f3 de la bicicleta, dels possibles danys a la bicicleta i de les penalitzacions establertes en aquest document.<\/p>\n<p>En cas de retornar una bicicleta fora de l\u2019horari previst, l\u2019usuari implicat haur\u00e0 de respondre del cost que comporti aquest incompliment de les Condicions Generals establertes en aquest document.<\/p>\n<p>Aquestes condicions d\u2019utilitzaci\u00f3 seran completades per les condicions d\u2019\u00fas addicionals que puguin estar indicades a cada estaci\u00f3 atenent a les seves caracter\u00edstiques i circumst\u00e0ncies.<\/p>\n<p>&nbsp;<\/p>\n<p>QUINZENA. L\u00cdMITS D\u2019UTILIZACI\u00d3 DEL SERVEI<\/p>\n<p>En cas d\u2019excedir els l\u00edmits horaris d\u2019utilitzaci\u00f3 del servei de bicicleta p\u00fablica establerts per a cada abonament, la persona usu\u00e0ria estar\u00e0 obligada a pagar les tarifes o penalitzacions vigents.<\/p>\n<p>Per causes justificades, el servei de bicicleta p\u00fablica es reserva el dret a canviar l\u2018horari d\u2019utilitzaci\u00f3 del servei, el temps d\u2019obertura i la posici\u00f3 de les estacions, sense previ av\u00eds, tot i que es faran els esfor\u00e7os raonables per comunicar-ho adequadament.<\/p>\n<p>Una estaci\u00f3 pot ser molt utilitzada i no sempre garantir la disponibilitat d\u2019una bicicleta o d\u2019una pla\u00e7a per retornar-la sense que aquesta situaci\u00f3 generi cap dret a l\u2019usuari de percebre un reemborsament o indemnitzaci\u00f3. Igualment, ni l\u2019AMB ni el gestor del servei assumeixen cap responsabilitat si per circumst\u00e0ncies alienes no es pot retornar la bicicleta en una estaci\u00f3 concreta o si el servei no est\u00e0 disponible en un moment determinat.<\/p>\n<p>Podr\u00e0 establir-se una hora m\u00e0xima de retirada d\u2019una bicicleta (abans de les 24.00 hores, o \u00faltima hora marcada si hi canvis o ampliacions d\u2019horaris). Aquesta hora (que pot variar per q\u00fcestions t\u00e8cniques o ampliacions) estar\u00e0 publicada a la web del servei. Tamb\u00e9 podr\u00e0 establir-se un temps m\u00ednim d\u2019espera entre dos usos per tal d\u2019evitar abusos en el servei, temps que tamb\u00e9 estar\u00e0 publicat a la web del servei.<\/p>\n<p>Si no s\u2019ha retornat una bicicleta a l\u2019hora m\u00e0xima establerta, el gestor del servei n&#8217;iniciar\u00e0 la recuperaci\u00f3 i n&#8217;informar\u00e0 a l\u2019usuari implicat (per via telef\u00f2nica, correu electr\u00f2nic o SMS). En aquests casos, l\u2019usuari haur\u00e0 de fer front a les possibles despeses de localitzaci\u00f3 i trasllat, d\u2019acord amb les tarifes aprovades i publicades a la p\u00e0gina web del servei, aix\u00ed com l\u2019abonament de la quantitat que correspongui per la utilitzaci\u00f3 del servei<\/p>\n<p>&nbsp;<\/p>\n<p>SETZENA. CAR\u00c0CTER PERSONAL I INTRANSFERIBLE DEL COMPTE O LA TARGETA AMBICI<\/p>\n<p>L\u2019\u00fas del servei de bicicleta p\u00fablica, el compte d\u2019usuari i la targeta AMBici d\u2019acc\u00e9s (si \u00e9s el cas) tenen car\u00e0cter personal i intransferible, no poden ser cedits a tercers i tindran la validesa corresponent al tipus d\u2019abonament contractat.<\/p>\n<p>Un compte (o targeta) d\u2019usuari associat a un abonament t\u00e9 les caracter\u00edstiques seg\u00fcents:<\/p>\n<ul>\n<li>Ser\u00e0 v\u00e0lid fins que la persona usu\u00e0ria sigui donada de baixa en el servei.<\/li>\n<li>Dona dret a utilitzar una bicicleta d\u00b4\u00fas compartit del servei de bicicleta p\u00fablica per fer un despla\u00e7ament d\u2019acord amb les limitacions de l\u2019abonament.<\/li>\n<\/ul>\n<ul>\n<li>L\u2019usuari no pot transferir els drets adquirits en donar-se d\u2019alta en el servei de bicicleta p\u00fablica.<\/li>\n<li>L\u2019usuari es compromet a la conservaci\u00f3 i bon \u00fas del seu compte o targeta AMBici.<\/li>\n<\/ul>\n<p>Per als sup\u00f2sits de p\u00e8rdua, trencament i\/o sol\u00b7licitud d\u2019un duplicat de la targeta, el cost d\u2019emissi\u00f3 de la nova targeta haur\u00e0 de suportar-lo l\u2019usuari d\u2019acord amb les tarifes vigents publicades al web del servei.<\/p>\n<p>&nbsp;<\/p>\n<p>DISSETENA. PAGAMENT DEL SERVEI<\/p>\n<p>Els pagaments que es generin en funci\u00f3 de la utilitzaci\u00f3 del servei es faran a trav\u00e9s d\u2019una targeta de cr\u00e8dit o d\u00e8bit.<\/p>\n<p>L\u2019usuari es compromet a no cancel\u00b7lar la targeta de cr\u00e8dit o d\u00e8bit, i a informar de qualsevol canvi en l\u2019operativitat d\u2019aquesta. A la targeta facilitada, l\u2019usuari accepta que s\u2019hi estableixi una autoritzaci\u00f3 permanent al gestor del servei per tal que se li facin els c\u00e0rrecs pertinents pels serveis (indicats a l\u2019apartat de tarifes de la web) que es generin durant la vig\u00e8ncia del seu abonament amb el servei d&#8217;AMBici.<\/p>\n<p>En el cas dels menors esmentats en aquestes Condicions Generals, cal aportar el perm\u00eds pel cobrament d\u2018imports\/c\u00e0rrecs del servei en la targeta banc\u00e0ria que es designi amb aquesta finalitat.<\/p>\n<p>&nbsp;<\/p>\n<p>DIVUITENA. SUPERVISORS DEL SERVEI<\/p>\n<p>Els supervisors o t\u00e8cnics del servei seran personal autoritzat o assignat pel gestor del servei amb aquesta finalitat, i seran els encarregats de donar assist\u00e8ncia als usuaris, aix\u00ed com de vetllar pel bon funcionament del servei.<\/p>\n<p>Aquests supervisors o t\u00e8cnics estaran en itiner\u00e0ncia per les estacions, aix\u00ed com en tot l\u2019\u00e0mbit d\u2019actuaci\u00f3 del servei.<\/p>\n<p>Els usuaris podran adre\u00e7ar les seves consultes als supervisors, per tal que puguin ser assessorats i ajudats en tots els processos necessaris per poder fer un \u00fas correcte del servei (ancoratge i desancoratge de les bicicletes a les estacions, funcionament de les bicicletes d\u2019\u00fas compartit, etc.).<\/p>\n<p>L\u2019usuari, amb l\u2019acceptaci\u00f3 d\u2019aquestes Condicions, declara que coneix i accepta la figura del supervisor del servei, que hi col\u00b7laborar\u00e0 i que permetr\u00e0 que els supervisors del servei, en l\u2019exercici de les seves funcions, puguin fer fotografies en relaci\u00f3 amb l\u2019\u00fas adequat del servei de bicicleta p\u00fablica.<\/p>\n<p>El personal del servei de bicicleta p\u00fablica (supervisors, t\u00e8cnics, personal de l\u2019Oficina d\u2019Atenci\u00f3 a l\u2019Usuari, etc.) no t\u00e9 autoritat per fer excepcions individuals o modificaci\u00f3 dels termes i condicions del servei.<\/p>\n<p>Addicionalment, els supervisors o personal del servei de bicicleta p\u00fablica podran retirar aquelles bicicletes d\u2019\u00fas compartit mal estacionades o que provoquin incidents durant un despla\u00e7ament.<\/p>\n<p>A sol\u00b7licitud d\u2019un supervisor o personal del servei de bicicleta p\u00fablica, l\u2019usuari ha de facilitar nom i cognoms, adre\u00e7a i els detalls del seu compte, abonament, aix\u00ed com de la utilitzaci\u00f3 de les bicicletes d\u2019\u00fas compartit.<\/p>\n<p>&nbsp;<\/p>\n<p>DINOVENA. OBLIGACIONS GENERALS DE L\u2019USUARI<\/p>\n<p>Qualsevol usuari, sigui quin sigui l\u2019abonament que utilitzi, es compromet, en cada ocasi\u00f3 que utilitzi el servei de bicicleta p\u00fablica, a:<\/p>\n<ol>\n<li>Fer \u00fas del servei i de tots els seus components amb la m\u00e0xima dilig\u00e8ncia i d\u2019acord amb les Condicions Generals establertes.<\/li>\n<li>Fer tots els pagaments que derivin de l\u2019\u00fas del servei segons les tarifes vigents.<\/li>\n<li>No cedir l\u2019\u00fas del compte o de la targeta d\u2019usuari, sota cap concepte, a terceres persones, ni familiars.<\/li>\n<li>Conservar de manera segura les claus i codis d\u2019acc\u00e9s al servei (credencials). Qualsevol dany que pugui ocasionar per la manca de conservaci\u00f3 de claus o codis d\u2019acc\u00e9s ser\u00e0 responsabilitat de l\u2019usuari.<\/li>\n<li>Conservar en bon estat les targetes d\u2019usuari dels abonaments contractats.<\/li>\n<li>Comunicar al servei de bicicleta p\u00fablica qualsevol incident amb el compte o la targeta d\u2019usuari: usurpaci\u00f3 de la identitat, \u00fas fraudulent del compte, virus inform\u00e0tics, p\u00e8rdua, robatori o deteriorament de la targeta d\u2019usuari, etc. L\u2019usuari assumir\u00e0 la responsabilitat de la utilitzaci\u00f3 del compte o la targeta fins al moment de la comunicaci\u00f3 al servei de la incid\u00e8ncia.<\/li>\n<li>Mostrar el compte d\u2019usuari o lliurar la targeta d\u2019usuari als supervisors, personal autoritzat o assignat amb aquesta finalitat o autoritats que aix\u00ed li ho requereixin. Facilitar-los nom i cognoms, adre\u00e7a o detalls del compte d\u2019usuari, de l\u2019abonament o de l\u2019\u00fas del servei.<\/li>\n<li>Comunicar les modificacions de dades (per exemple, els canvis de domicili) que es puguin produir, aix\u00ed com el canvi de targeta banc\u00e0ria en qu\u00e8 el servei hagi de fer els cobraments.<\/li>\n<li>Assegurar que totes les dades facilitades al servei s\u00f3n certes.<\/li>\n<\/ol>\n<p>&nbsp;<\/p>\n<p>VINTENA. OBLIGACIONS ESPEC\u00cdFIQUES DE L\u2019USUARI<\/p>\n<p>L\u2019usuari d\u2019un abonament es compromet, en cada ocasi\u00f3 que utilitzi el servei, a:<\/p>\n<ol>\n<li>Fer \u00fas del servei, i en especial de la bicicleta, amb la m\u00e0xima dilig\u00e8ncia.<\/li>\n<li>Estacionar correctament la bicicleta en una estaci\u00f3 en acabar el despla\u00e7ament, i abans de l\u2019hora de tancament del servei.<\/li>\n<\/ol>\n<p>En cas que l\u2019estaci\u00f3 escollida estigui plena, haur\u00e0 de despla\u00e7ar-se a l\u2019estaci\u00f3 m\u00e9s propera, o informar l\u2019Oficina d\u2019Atenci\u00f3 a l\u2019Usuari i seguir les seves instruccions.<\/p>\n<ol>\n<li>Informar-ne i retornar degudament la bicicleta al servei, en el cas de comprovar que algun dels seus elements no funciona correctament.<\/li>\n<li>Utilitzar la bicicleta de manera adequada i destinar-la \u00fanicament al seu transport personal.<\/li>\n<li>Assumir la guarda i cust\u00f2dia de la bicicleta des del moment de la seva retirada i fins al correcte retorn d&#8217;aquesta al servei.<\/li>\n<li>Lliurar la bicicleta als supervisors, personal autoritzat o autoritats, en el cas que aquests, en l\u2019exercici de les seves funcions, li ho requereixin.<\/li>\n<li>Respectar les normes de circulaci\u00f3 vigents.<\/li>\n<li>Fer \u00fas del carril bici a les vies en qu\u00e8 estigui instaurat.<\/li>\n<li>Responsabilitzar-se del bon \u00fas de la bicicleta, aix\u00ed com de la seva p\u00e8rdua.<\/li>\n<li>Tots els usuaris d\u2019un abonament s\u2019obliguen expressament a complir, en la utilitzaci\u00f3 de les bicicletes, les ordenances de mobilitat dels municipis per on circulin.<\/li>\n<li>En el moment de l\u2019alta, l&#8217;usuari manifesta que es troba en perfecte estat de salut per anar amb bicicleta i assumeix la seva responsabilitat en cas de patir una malaltia del cor, vista, o\u00efda, o dels aparells circulatori, locomotor i digestiu.<\/li>\n<li>L&#8217;usuari est\u00e0 obligat a fer un bon \u00fas de la bicicleta d\u2019\u00fas compartit i es responsabilitza de tots els danys que es puguin produir per un \u00fas inadequat d\u2019aquesta.<\/li>\n<li>L&#8217;usuari est\u00e0 obligat a prendre precaucions davant possibles danys, p\u00e8rdua o robatori. En concret, si la bicicleta disposa de cadenat electr\u00f2nic o qualsevol sistema d\u2019immobilitzaci\u00f3, caldr\u00e0 utilitzar-lo sempre que la bicicleta quedi estacionada durant un despla\u00e7ament.<\/li>\n<\/ol>\n<p>En el cas d\u2019un estacionament fora d\u2019una estaci\u00f3, per casos o situacions de for\u00e7a major, la bicicleta ha de quedar ancorada a un suport f\u00edsic fix, preferentment a un aparcament tipus U invertida, o en un lloc que no estigui expl\u00edcitament prohibit en l\u2019ordenan\u00e7a municipal corresponent. No obstant, l\u2019usuari no quedar\u00e0 exonerat de la guarda i cust\u00f2dia de la bicicleta.<\/p>\n<p>&nbsp;<\/p>\n<p>&nbsp;<\/p>\n<p>VINT-I-UNENA. PROHIBICIONS EXPRESSES DE L\u2019USUARI<\/p>\n<p>Es prohibeixen expressament als usuaris d\u2019un abonament les conductes que es detallen a continuaci\u00f3:<\/p>\n<ol>\n<li>Utilitzar la bicicleta fora de l\u2019\u00e0mbit territorial de l\u2019\u00c0rea Metropolitana de Barcelona (AMB).<\/li>\n<li>Utilitzar la bicicleta per zones o camins no pavimentats, o per terrenys que no siguin aptes per circular-hi.<\/li>\n<li>Circular amb la bicicleta per un carril bus, excepte si est\u00e0 expressament autoritzat.<\/li>\n<li>Pujar la bicicleta a qualsevol altre mitj\u00e0 de transport.<\/li>\n<li>El desmuntatge i\/o manipulaci\u00f3 parcial o total de la bicicleta, de les estacions o dels elements que els componen.<\/li>\n<li>La utilitzaci\u00f3 de la bicicleta o les estacions per a fins comercials.<\/li>\n<li>La pintada d\u2019esl\u00f2gans, dibuixos o similars sobre la bicicleta.<\/li>\n<li>Circular sobre una sola roda, agafar-se a d\u2019altres vehicles en marxa o utilitzar auriculars connectats a aparells receptors o reproductors de so.<\/li>\n<li>Fer \u00fas del m\u00f2bil mentre s\u2019utilitza la bicicleta.<\/li>\n<li>Transportar-hi altres persones, animals o objectes voluminosos.<\/li>\n<li>Abandonar o cedir la bicicleta durant un despla\u00e7ament, excepte en casos de for\u00e7a major. En aquest cas, se n\u2019haur\u00e0 d\u2019informar AMBici en el m\u00ednim temps possible, no superant els 30 minuts, des del fet que hagi produ\u00eft la causa de for\u00e7a major<\/li>\n<\/ol>\n<p>Si el servei ha de retirar una bicicleta d\u2019\u00fas compartit abandonada a la via p\u00fablica durant un despla\u00e7ament, l\u2019usuari ser\u00e0 responsable dels costos i penalitzacions que se\u2019n derivin.<\/p>\n<p>&nbsp;<\/p>\n<p>VINT-I-DOSENA. DRETS DE L\u2019USUARI<\/p>\n<p>L\u2019usuari t\u00e9 dret al fet que les estacions i les bicicletes estiguin en condicions per al seu \u00fas d\u2019acord amb les Condicions Generals d\u2019aquest document.<\/p>\n<p>L\u2019usuari t\u00e9 dret a sol\u00b7licitar i rebre informaci\u00f3 sobre el servei i a formular i rebre contestaci\u00f3 sobre suggeriments, reclamacions i queixes, mitjan\u00e7ant correu electr\u00f2nic a\u00a0<a href=\"mailto:info@ambici.cat\">info@ambici.cat<\/a> , correu ordinari o de manera presencial a l\u2019Oficina d\u2019Atenci\u00f3 a l\u2019Usuari.<\/p>\n<p>El gestor del servei respondr\u00e0 a la consulta i\/o reclamaci\u00f3 al m\u00e9s aviat possible i, en tot cas, abans de 20 dies naturals posteriors a aquesta comunicaci\u00f3.<\/p>\n<p>L\u2019usuari t\u00e9 dret a ser informat, a trav\u00e9s de la web o per qualsevol altre mitj\u00e0, de les incid\u00e8ncies del servei, les tarifes i de les mesures que es puguin prendre i, en aquest \u00faltim cas, a formular les al\u00b7legacions que consideri pertinents.<\/p>\n<p>En el sup\u00f2sit que, per error, el servei de bicicleta p\u00fablica hagi realitzat un cobrament indegut, l\u2019usuari tindr\u00e0 dret a la devoluci\u00f3 d\u2019aquestes quantitats, en el termini d\u2019un mes, comptat a partir de la decisi\u00f3 del servei que declari la improced\u00e8ncia del cobrament.<\/p>\n<p>Per a qualsevol reclamaci\u00f3 sobre les condicions i circumst\u00e0ncies que afectin la prestaci\u00f3 del servei, l\u2019usuari podr\u00e0 dirigir-se al prestador del servei mitjan\u00e7ant el tel\u00e8fon d\u2019atenci\u00f3 a l\u2019usuari, presencialment a l\u2019Oficina d\u2019Atenci\u00f3 a l\u2019Usuari o a trav\u00e9s de la p\u00e0gina web del servei.<\/p>\n<p>&nbsp;<\/p>\n<p>VINT-I-TRESENA. TRACTAMENT CONFIDENCIAL DE DADES<\/p>\n<p>El servei de bicicleta p\u00fablica complementari als mitjans de transport de transport p\u00fablic metropolitans, servei AMBici, implica el tractament de dades personals de les persones usu\u00e0ries,\u00a0i\u00a0inclou dades de menors. El responsable del tractament \u00e9s l\u2019AMB, i tracta les dades el gestor del servei com a encarregat del tractament mentre l\u2019AMB no decideixi el contrari.<\/p>\n<p>El servei es realitzar\u00e0 respectant i complint estrictament la legislaci\u00f3 vigent en mat\u00e8ria de protecci\u00f3 de dades i, en concret, all\u00f2 establert en el Reglament (UE) 2016\/679 del Parlament Europeu i del Consell, de 27 d&#8217;abril de 2016, relatiu a la protecci\u00f3 de les persones f\u00edsiques pel que fa al tractament de dades personals i a la lliure circulaci\u00f3 d&#8217;aquestes dades (Reglament general de protecci\u00f3 de dades-RGPD) i la Llei 3\/2018, de 5 de desembre, de protecci\u00f3 de dades personals i garantia dels drets digitals (LOPD-GDD), adoptant per a aix\u00f2 les mesures t\u00e8cniques i organitzatives necess\u00e0ries per evitar la p\u00e8rdua, mal \u00fas, alteraci\u00f3, acc\u00e9s no autoritzat i robatori de les dades personals facilitades pels usuaris del servei.<\/p>\n<p>L&#8217;usuari que es doni d\u2019alta al servei AMBici dona el seu consentiment expr\u00e9s i inequ\u00edvoc i, per tant, autoritza el tractament d\u2019aquestes dades per AMB, i en el seu nom el gestor del servei, amb les finalitats de gestionar el servei AMBici i fer-li arribar comunicacions de les novetats i incid\u00e8ncies relatives al servei.<\/p>\n<p>L&#8217;\u00fas de les dades personals tindr\u00e0 car\u00e0cter confidencial i nom\u00e9s es faran servir per poder prestar els serveis que l\u2019usuari sol\u00b7licita mitjan\u00e7ant el servei AMBici.<\/p>\n<p>D\u2019acord amb all\u00f2 que estableix l\u2019article 13 del Reglament general de protecci\u00f3 de dades, durant la recollida de les dades de les persones usu\u00e0ries i la regulaci\u00f3 dels diferents agents, s\u2019informar\u00e0 del tractament de dades personals que es portar\u00e0 a terme, la base jur\u00eddica del tractament, la possible cessi\u00f3 de dades a tercers, aix\u00ed com on obtenir m\u00e9s informaci\u00f3 del tractament i on poder exercir els seus drets en mat\u00e8ria de protecci\u00f3 de dades.<\/p>\n<p>En el cas de que l&#8217;usuari subministri dades de tercers, ser\u00e0 l&#8217;\u00fanic responsable de la veracitat i exactitud d&#8217;aquestes dades i de comptar amb l&#8217;autoritzaci\u00f3 d&#8217;aquests tercers per portar a terme la sol\u00b7licitud d&#8217;adhesi\u00f3 al servei. L\u2019usuari del servei haur\u00e0 de comunicar qualsevol modificaci\u00f3 o error en aquestes.<\/p>\n<p>L&#8217;usuari podr\u00e0 revocar el consentiment atorgat en qualsevol moment, aix\u00ed com exercitar els seus drets d&#8217;acc\u00e9s, rectificaci\u00f3, supressi\u00f3, oposici\u00f3, limitaci\u00f3 del tractament i portabilitat de les dades, en els termes establerts en la legislaci\u00f3 vigent, dirigint un escrit, juntament amb la fotoc\u00f2pia del DNI o document oficial que acrediti la seva identitat, a l\u2019oficina del Delegat\/da de Protecci\u00f3 de dades de l\u2019AMB, localitzada al carrer N\u00famero 62, 16-18, edifici A &#8211; Zona Franca (08040 Barcelona). L\u2019usuari tamb\u00e9 podr\u00e0 enviar aquest escrit adjuntant-hi els documents indicats abans per mitj\u00e0 de correu electr\u00f2nic a l\u2019adre\u00e7a: dpd@amb.cat, indicant clarament a l\u2019assumpte del correu \u201cExercici drets RGPD\u201d.<\/p>\n<p>L\u2019usuari disposar\u00e0 de la informaci\u00f3 completa del tractament de dades a la pol\u00edtica de privacitat del portal web de l\u2019AMB o del servei AMBici.<\/p>\n<p>Totes les entitats i tercers que participin en el sistema hauran de complir amb els principis de confidencialitat i deure de secret de la informaci\u00f3 i dades personals, aplicant les mesures de seguretat definides per AMB, que regular\u00e0 amb aquests tercers el tractament de dades personals mitjan\u00e7ant un acord de confidencialitat que els comprometi a establir, complir i respectar les obligacions de confidencialitat i d\u2019aplicaci\u00f3 de les mesures de seguretat definides.<\/p>\n<p>&nbsp;<\/p>\n<p>VINT-I-QUATRENA. INCOMPLIMENTS I PENALITZACIONS<\/p>\n<p>En cas que el gestor del servei detecti per qualsevol mitj\u00e0 l\u2019incompliment de les obligacions de l\u2019usuari, o b\u00e9 de la normativa que sigui aplicable, s\u2019acordar\u00e0 iniciar un proc\u00e9s de penalitzaci\u00f3 per mal \u00fas del servei, i mentre no es resolt el mateix, se li bloquejar\u00e0 l\u2019\u00fas del servei.<\/p>\n<p>La tramitaci\u00f3 del proc\u00e9s ser\u00e0 comunicada a l\u2019usuari i se li atorgaran 10 dies per tal que pugui formular les al\u00b7legacions que consideri pertinents.<\/p>\n<p>El gestor del servei, tenint en compte les al\u00b7legacions presentades en el seu cas, adoptar\u00e0 les mesures que corresponguin i les comunicar\u00e0 de manera fefaent a la persona usu\u00e0ria un cop l\u2019AMB les hagi validades.<\/p>\n<p>Els incompliments en qu\u00e8 incorrin les persones usu\u00e0ries seran penalitzats d\u2019acord amb el contingut d\u2019aquestes Condicions Generals.<\/p>\n<p>&nbsp;<\/p>\n<p>VINT-I-CINQUENA. CONDUCTES QUE ES CONSIDEREN INCOMPLIMENTS DEL SERVEI<\/p>\n<p>Ser\u00e0 considerat un incompliment lleu:<\/p>\n<ul>\n<li>Causar danys a una estaci\u00f3 o a una bicicleta per un import de fins a 60 \u20ac.<\/li>\n<li>Excedir el temps de devoluci\u00f3 de la bicicleta en m\u00e9s de dues hores i menys de cinc hores.<\/li>\n<li>No comunicar al servei de bicicleta p\u00fablica qualsevol incident amb el compte o la targeta d\u2019usuari.<\/li>\n<li>No comunicar al servei de bicicleta p\u00fablica la modificaci\u00f3 de les dades personals o de les corresponents a la targeta banc\u00e0ria on s\u2019hagin de fer els cobraments, de tal manera que es dificulti el cobrament de les tarifes vigents o les penalitzacions.<\/li>\n<li>Qualsevol altra infracci\u00f3, penalitzaci\u00f3 o incompliment que sigui considerat incompliment lleu conforme la normativa civil aplicable, aix\u00ed com les ordenances municipals de circulaci\u00f3 de vianants i de vehicles, de mesures per fomentar i garantir la conviv\u00e8ncia ciutadana a l\u2019espai p\u00fablic, sobre l\u2019\u00fas de les vies i espais p\u00fablics, o una altra normativa aplicable que correspongui conforme l\u2019\u00e0mbit territorial de cada municipi metropolit\u00e0.<\/li>\n<\/ul>\n<p>&nbsp;<\/p>\n<p>Ser\u00e0 considerat un incompliment greu:<\/p>\n<ul>\n<li>Causar danys a una estaci\u00f3 o a una bicicleta per un import superior a 60\u20ac i inferior a 200\u20ac.<\/li>\n<li>No retornar correctament una bicicleta abans de l\u2019hora m\u00e0xima de retorn.<\/li>\n<li>Excedir el temps de devoluci\u00f3 de la bicicleta en m\u00e9s de cinc hores.<\/li>\n<li>Cometre dos incompliments lleus en un per\u00edode de sis mesos.<\/li>\n<li>No comunicar a l\u2019Oficina d\u2019Atenci\u00f3 a l\u2019Usuari les incid\u00e8ncies ocorregudes en el decurs de la utilitzaci\u00f3 d\u2019una bicicleta d\u2019\u00fas compartit o els danys observats a qualsevol estaci\u00f3 o bicicleta.<\/li>\n<li>Qualsevol altra infracci\u00f3, penalitzaci\u00f3 o incompliment que sigui considerat incompliment greu conforme la normativa civil aplicable, aix\u00ed com les ordenances municipals de circulaci\u00f3 de vianants i de vehicles, de mesures per fomentar i garantir la conviv\u00e8ncia ciutadana a l\u2019espai p\u00fablic, sobre l\u2019\u00fas de les vies i espais p\u00fablics, o una altra normativa aplicable que correspongui conforme l\u2019\u00e0mbit territorial de cada municipi metropolit\u00e0.<\/li>\n<\/ul>\n<p>Ser\u00e0 considerat un incompliment molt greu:<\/p>\n<ul>\n<li>Causar danys a una estaci\u00f3 o bicicleta per import superior a 200\u20ac.<\/li>\n<li>Abandonar una bicicleta.<\/li>\n<li>Excedir el temps de devoluci\u00f3 de la bicicleta en m\u00e9s de cinc hores.<\/li>\n<li>Circular fora de l\u2019\u00e0mbit establert en aquest contracte.<\/li>\n<li>Cedir un compte o targeta d\u2019usuari o una bicicleta a un tercer.<\/li>\n<li>Utilitzar la marca o logotips del servei sense autoritzaci\u00f3.<\/li>\n<li>Desmuntar totalment o parcialment una estaci\u00f3 o una bicicleta del servei.<\/li>\n<li>Negar-se a lliurar informaci\u00f3 sobre l\u2019\u00fas del servei o l\u2019abonament, la bicicleta o la targeta als supervisors o t\u00e8cnics del servei, al gestor del servei o a les autoritats, quan l\u2019usuari sigui requerit a l\u2019efecte.<\/li>\n<li>No pagar les tarifes o penalitzacions.<\/li>\n<li>Comunicar al servei de bicicleta p\u00fablica dades falsejades en relaci\u00f3 amb els usos o amb les condicions del servei.<\/li>\n<li>Realitzar qualsevol de les conductes previstes com a prohibicions expresses en aquest document.<\/li>\n<li>Cometre dos incompliments greus en un per\u00edode de sis mesos.<\/li>\n<li>Utilitzar amb finalitats comercials o lucratives qualsevol element del servei de bicicleta p\u00fablica.<\/li>\n<\/ul>\n<p>Qualsevol altra infracci\u00f3, penalitzaci\u00f3 o incompliment que sigui considerat incompliment molt greu conforme la normativa civil aplicable, aix\u00ed com les ordenances municipals de circulaci\u00f3 de vianants i de vehicles, de mesures per fomentar i garantir la conviv\u00e8ncia ciutadana a l\u2019espai p\u00fablic, sobre l\u2019\u00fas de les vies i espais p\u00fablics, o una altra normativa aplicable que correspongui conforme l\u2019\u00e0mbit territorial de cada municipi metropolit\u00e0.<\/p>\n<p>&nbsp;<\/p>\n<p>VINT-I-SISENA. MESURES QUE S\u2019ADOPTARAN EN CAS D\u2019INCOMPLIMENTS<\/p>\n<p>Adopci\u00f3 de mesures en el cas d\u2019incompliments lleus:<\/p>\n<ul>\n<li>Com a mesura cautelar, es bloquejar\u00e0 el compte i\/o la targeta de l\u2019usuari pel termini m\u00e0xim d\u2019una setmana, la qual cosa implica la suspensi\u00f3 de la condici\u00f3 d\u2019usuari i la prohibici\u00f3 d\u2019utilitzar el servei.<\/li>\n<li>Pagament dels imports establerts com a tarifa o com a penalitzacions que corresponguin i que estiguin vigents en aquell moment.<\/li>\n<li>Pagament dels danys ocasionats als elements del servei de bicicleta p\u00fablica.<\/li>\n<\/ul>\n<p>Adopci\u00f3 de mesures en el cas d\u2019incompliments greus:<\/p>\n<ul>\n<li>Com a mesura cautelar, es bloquejar\u00e0 el compte i\/o la targeta de l\u2019usuari pel termini d&#8217;un mes, la qual cosa implica la suspensi\u00f3 de la condici\u00f3 d\u2019usuari i la prohibici\u00f3 d\u2019utilitzar el servei.<\/li>\n<li>Pagament dels imports establerts com a tarifa o com a penalitzacions que corresponguin i que estiguin vigents en aquell moment.<\/li>\n<li>Pagament dels danys ocasionats als elements del servei de bicicleta p\u00fablica.<\/li>\n<\/ul>\n<p>Adopci\u00f3 de mesures en el cas d\u2019incompliments molt greus:<\/p>\n<ul>\n<li>Es bloquejar\u00e0 el compte i\/o la targeta de l\u2019usuari permanentment, la qual cosa implica la suspensi\u00f3 de la condici\u00f3 d\u2019usuari i la prohibici\u00f3 d\u2019utilitzar el servei.<\/li>\n<li>Baixa indefinida del servei.<\/li>\n<li>Pagament dels imports establerts com a tarifa o com a penalitzacions que corresponguin i que estiguin vigents en aquell moment.<\/li>\n<li>Pagament dels danys ocasionats als elements del servei de bicicleta p\u00fablica.<\/li>\n<\/ul>\n<p>La suspensi\u00f3 de la condici\u00f3 d\u2019usuari o baixa temporal en els casos indicats no implicar\u00e0 la finalitzaci\u00f3 de la relaci\u00f3 entre l\u2019usuari i el servei de bicicleta p\u00fablica.<\/p>\n<p>En tots els casos, el servei de bicicleta p\u00fablica, a m\u00e9s d\u2019adoptar les mesures indicades, podr\u00e0 rescabalar-se dels danys i perjudicis ocasionats per la persona usu\u00e0ria, aix\u00ed com plantejar les accions de reclamaci\u00f3 que consideri pertinents en la corresponent jurisdicci\u00f3.<\/p>\n<p>En cas que s\u2019inici\u00ef, a trav\u00e9s de la den\u00fancia d\u2019una autoritat, un procediment penal o administratiu, el gestor del servei de bicicleta p\u00fablica haur\u00e0 d\u2019informar-ne l\u2019AMB per tal que pugui compar\u00e8ixer-hi com a perjudicat. Mentre la resoluci\u00f3 que es dicti en aquest procediment sigui provisional i no tingui el car\u00e0cter de ferma, el gestor del servei mantindr\u00e0 en suspens la tramitaci\u00f3 del proc\u00e9s de penalitzaci\u00f3, cas que l\u2019hagi iniciat, fins que li sigui notificada la resoluci\u00f3 definitiva. En tot cas, podr\u00e0 aplicar, com a mesura cautelar, el bloqueig del compte i\/o la targeta de l\u2019usuari.<\/p>\n<p>&nbsp;<\/p>\n<p>VINT-I-SETENA. R\u00c8GIM JUR\u00cdDIC APLICABLE I ARBITRATGE<\/p>\n<p>1.\u2010 Aquestes Condicions Generals tenen car\u00e0cter privat.<\/p>\n<p>2.\u2010 La seva interpretaci\u00f3 queda sotmesa a l\u2019aplicaci\u00f3 de la normativa civil vigent, com ara les ordenances municipals de circulaci\u00f3 de vianants i de vehicles, de mesures per fomentar i garantir la conviv\u00e8ncia ciutadana a l\u2019espai p\u00fablic, sobre l\u2019\u00fas de les vies i espais p\u00fablics, o unes altres de similars que corresponguin a cada municipi metropolit\u00e0.<\/p>\n<p>3.\u2010 Les q\u00fcestions que puguin sorgir en relaci\u00f3 amb la seva aplicaci\u00f3, execuci\u00f3 o interpretaci\u00f3 s\u2019han de sotmetre al procediment d\u2019arbitratge establert per la Junta Arbitral de Consum de Barcelona, la Junta Arbitral de Catalunya, la Junta Arbitral de Transport o b\u00e9 el Tribunal d\u2019Arbitratge de Barcelona.<\/p>\n<p>&nbsp;<\/p>\n","protected":false},"excerpt":{"rendered":"<p>Condicions Condicions Generals reguladores d\u2019 acc\u00e9s i d\u2019utilitzaci\u00f3 del servei de bicicleta p\u00fablica complementari als mitjans de transport p\u00fablic metropolitans (anomenat servei AMBici) &nbsp; Titular del servei: \u00c0rea Metropolitana de Barcelona, amb domicili al carrer 62, 16-18 Edifici A, Pol\u00edgon Industrial Zona Franca, 08040, Barcelona, i NIF P0800258F. Dades d\u2019identificaci\u00f3 del gestor del servei: Projectes [&hellip;]<\/p>\n","protected":false},"author":13,"featured_media":0,"parent":0,"menu_order":0,"comment_status":"closed","ping_status":"closed","template":"page-bubble.php","meta":{"_acf_changed":false,"inline_featured_image":false,"footnotes":""},"class_list":["post-1148","page","type-page","status-publish","hentry"],"acf":[],"yoast_head":"<!-- This site is optimized with the Yoast SEO plugin v27.2 - https:\/\/yoast.com\/product\/yoast-seo-wordpress\/ -->\n<title>Condicions - Ambici<\/title>\n<meta name=\"robots\" content=\"index, follow, max-snippet:-1, max-image-preview:large, max-video-preview:-1\" \/>\n<link rel=\"canonical\" href=\"https:\/\/www.ambici.cat\/ca\/condicions\/\" \/>\n<meta property=\"og:locale\" content=\"ca_ES\" \/>\n<meta property=\"og:type\" content=\"article\" \/>\n<meta property=\"og:title\" content=\"Condicions - Ambici\" \/>\n<meta property=\"og:description\" content=\"Condicions Condicions Generals reguladores d\u2019 acc\u00e9s i d\u2019utilitzaci\u00f3 del servei de bicicleta p\u00fablica complementari als mitjans de transport p\u00fablic metropolitans (anomenat servei AMBici) &nbsp; Titular del servei: \u00c0rea Metropolitana de Barcelona, amb domicili al carrer 62, 16-18 Edifici A, Pol\u00edgon Industrial Zona Franca, 08040, Barcelona, i NIF P0800258F. Dades d\u2019identificaci\u00f3 del gestor del servei: Projectes [&hellip;]\" \/>\n<meta property=\"og:url\" content=\"https:\/\/www.ambici.cat\/ca\/condicions\/\" \/>\n<meta property=\"og:site_name\" content=\"Ambici\" \/>\n<meta property=\"article:modified_time\" content=\"2026-03-09T12:30:11+00:00\" \/>\n<meta name=\"twitter:card\" content=\"summary_large_image\" \/>\n<meta name=\"twitter:label1\" content=\"Temps estimat de lectura\" \/>\n\t<meta name=\"twitter:data1\" content=\"28 minuts\" \/>\n<script type=\"application\/ld+json\" class=\"yoast-schema-graph\">{\"@context\":\"https:\/\/schema.org\",\"@graph\":[{\"@type\":\"WebPage\",\"@id\":\"https:\/\/www.ambici.cat\/ca\/condicions\/\",\"url\":\"https:\/\/www.ambici.cat\/ca\/condicions\/\",\"name\":\"Condicions - Ambici\",\"isPartOf\":{\"@id\":\"https:\/\/www.ambici.cat\/ca\/#website\"},\"datePublished\":\"2025-06-27T09:52:26+00:00\",\"dateModified\":\"2026-03-09T12:30:11+00:00\",\"breadcrumb\":{\"@id\":\"https:\/\/www.ambici.cat\/ca\/condicions\/#breadcrumb\"},\"inLanguage\":\"ca\",\"potentialAction\":[{\"@type\":\"ReadAction\",\"target\":[\"https:\/\/www.ambici.cat\/ca\/condicions\/\"]}]},{\"@type\":\"BreadcrumbList\",\"@id\":\"https:\/\/www.ambici.cat\/ca\/condicions\/#breadcrumb\",\"itemListElement\":[{\"@type\":\"ListItem\",\"position\":1,\"name\":\"Startseite\",\"item\":\"https:\/\/www.ambici.cat\/ca\/\"},{\"@type\":\"ListItem\",\"position\":2,\"name\":\"Condicions\"}]},{\"@type\":\"WebSite\",\"@id\":\"https:\/\/www.ambici.cat\/ca\/#website\",\"url\":\"https:\/\/www.ambici.cat\/ca\/\",\"name\":\"Ambici\",\"description\":\"La bicicleta metropolitana\",\"potentialAction\":[{\"@type\":\"SearchAction\",\"target\":{\"@type\":\"EntryPoint\",\"urlTemplate\":\"https:\/\/www.ambici.cat\/ca\/?s={search_term_string}\"},\"query-input\":{\"@type\":\"PropertyValueSpecification\",\"valueRequired\":true,\"valueName\":\"search_term_string\"}}],\"inLanguage\":\"ca\"}]}<\/script>\n<!-- \/ Yoast SEO plugin. -->","yoast_head_json":{"title":"Condicions - Ambici","robots":{"index":"index","follow":"follow","max-snippet":"max-snippet:-1","max-image-preview":"max-image-preview:large","max-video-preview":"max-video-preview:-1"},"canonical":"https:\/\/www.ambici.cat\/ca\/condicions\/","og_locale":"ca_ES","og_type":"article","og_title":"Condicions - Ambici","og_description":"Condicions Condicions Generals reguladores d\u2019 acc\u00e9s i d\u2019utilitzaci\u00f3 del servei de bicicleta p\u00fablica complementari als mitjans de transport p\u00fablic metropolitans (anomenat servei AMBici) &nbsp; Titular del servei: \u00c0rea Metropolitana de Barcelona, amb domicili al carrer 62, 16-18 Edifici A, Pol\u00edgon Industrial Zona Franca, 08040, Barcelona, i NIF P0800258F. Dades d\u2019identificaci\u00f3 del gestor del servei: Projectes [&hellip;]","og_url":"https:\/\/www.ambici.cat\/ca\/condicions\/","og_site_name":"Ambici","article_modified_time":"2026-03-09T12:30:11+00:00","twitter_card":"summary_large_image","twitter_misc":{"Temps estimat de lectura":"28 minuts"},"schema":{"@context":"https:\/\/schema.org","@graph":[{"@type":"WebPage","@id":"https:\/\/www.ambici.cat\/ca\/condicions\/","url":"https:\/\/www.ambici.cat\/ca\/condicions\/","name":"Condicions - Ambici","isPartOf":{"@id":"https:\/\/www.ambici.cat\/ca\/#website"},"datePublished":"2025-06-27T09:52:26+00:00","dateModified":"2026-03-09T12:30:11+00:00","breadcrumb":{"@id":"https:\/\/www.ambici.cat\/ca\/condicions\/#breadcrumb"},"inLanguage":"ca","potentialAction":[{"@type":"ReadAction","target":["https:\/\/www.ambici.cat\/ca\/condicions\/"]}]},{"@type":"BreadcrumbList","@id":"https:\/\/www.ambici.cat\/ca\/condicions\/#breadcrumb","itemListElement":[{"@type":"ListItem","position":1,"name":"Startseite","item":"https:\/\/www.ambici.cat\/ca\/"},{"@type":"ListItem","position":2,"name":"Condicions"}]},{"@type":"WebSite","@id":"https:\/\/www.ambici.cat\/ca\/#website","url":"https:\/\/www.ambici.cat\/ca\/","name":"Ambici","description":"La bicicleta metropolitana","potentialAction":[{"@type":"SearchAction","target":{"@type":"EntryPoint","urlTemplate":"https:\/\/www.ambici.cat\/ca\/?s={search_term_string}"},"query-input":{"@type":"PropertyValueSpecification","valueRequired":true,"valueName":"search_term_string"}}],"inLanguage":"ca"}]}},"_links":{"self":[{"href":"https:\/\/www.ambici.cat\/ca\/wp-json\/wp\/v2\/pages\/1148","targetHints":{"allow":["GET"]}}],"collection":[{"href":"https:\/\/www.ambici.cat\/ca\/wp-json\/wp\/v2\/pages"}],"about":[{"href":"https:\/\/www.ambici.cat\/ca\/wp-json\/wp\/v2\/types\/page"}],"author":[{"embeddable":true,"href":"https:\/\/www.ambici.cat\/ca\/wp-json\/wp\/v2\/users\/13"}],"replies":[{"embeddable":true,"href":"https:\/\/www.ambici.cat\/ca\/wp-json\/wp\/v2\/comments?post=1148"}],"version-history":[{"count":6,"href":"https:\/\/www.ambici.cat\/ca\/wp-json\/wp\/v2\/pages\/1148\/revisions"}],"predecessor-version":[{"id":1318,"href":"https:\/\/www.ambici.cat\/ca\/wp-json\/wp\/v2\/pages\/1148\/revisions\/1318"}],"wp:attachment":[{"href":"https:\/\/www.ambici.cat\/ca\/wp-json\/wp\/v2\/media?parent=1148"}],"curies":[{"name":"wp","href":"https:\/\/api.w.org\/{rel}","templated":true}]}}